{"id":4341,"date":"2015-06-18T16:40:30","date_gmt":"2015-06-18T19:40:30","guid":{"rendered":"https:\/\/singep.org.br\/?page_id=4341"},"modified":"2025-10-20T17:01:47","modified_gmt":"2025-10-20T20:01:47","slug":"programacao","status":"publish","type":"page","link":"https:\/\/singep.org.br\/13\/programacao\/","title":{"rendered":"PROGRAMA\u00c7\u00c3O \u2013 XIII SINGEP-CIK 2025"},"content":{"rendered":"\n<div class=\"singep-programa\">\n  <style>\n    .singep-programa {\n      font-family: Arial, sans-serif;\n      line-height: 1.6;\n      color: #333;\n    }\n    .singep-programa h1 {\n      color: #0066cc;\n      border-bottom: 3px solid #0066cc;\n      padding-bottom: 10px;\n      margin-bottom: 20px;\n    }\n    .singep-programa h2 {\n      color: #0066cc;\n      background-color: #f0f0f0;\n      padding: 10px;\n      margin-top: 30px;\n      border-left: 5px solid #0066cc;\n    }\n    .singep-programa h3 {\n      color: #0066cc;\n      margin-top: 20px;\n    }\n    .singep-programa .horario {\n      background-color: #e6f2ff;\n      padding: 8px 12px;\n      border-radius: 5px;\n      font-weight: bold;\n      display: inline-block;\n      margin: 10px 0;\n    }\n    .singep-programa .localizacao {\n      background-color: #fff3cd;\n      padding: 15px;\n      border-left: 4px solid #ffc107;\n      margin: 15px 0;\n    }\n    .singep-programa .atividade {\n      margin: 20px 0;\n      padding: 15px;\n      background-color: #f9f9f9;\n      border-radius: 5px;\n    }\n    .singep-programa .palestrante {\n      margin-left: 20px;\n      font-style: italic;\n    }\n    .singep-programa .nota {\n      font-size: 0.85em;\n      color: #666;\n      margin-top: 10px;\n      padding: 10px;\n      background-color: #f5f5f5;\n      border-left: 3px solid #999;\n    }\n    .singep-programa ul {\n      margin: 10px 0;\n    }\n    .singep-programa li {\n      margin: 5px 0;\n    }\n  <\/style>\n\n  <p><em>*Hor\u00e1rio de Bras\u00edlia<\/em><\/p>\n\n  <h2>Primeiro dia do Evento<\/h2>\n  <h3>22 de outubro de 2025 (Quarta-feira) \u2013 Presencial com transmiss\u00e3o online<\/h3>\n\n  <div class=\"localizacao\">\n    <strong>Localiza\u00e7\u00e3o:<\/strong> Campus Vergueiro da UNINOVE (Audit\u00f3rio \u2013 1\u00ba andar)<br>\n    Rua Vergueiro, 235\/249 &#8211; Liberdade, S\u00e3o Paulo \u2013 SP\n  <\/div>\n\n  <div class=\"atividade\">\n    <div class=\"horario\">9h \u00e0s 10h<\/div>\n    <h4>Recep\u00e7\u00e3o dos participantes<\/h4>\n    <p>XIII SINGEP-CIK<br>Coffee de recep\u00e7\u00e3o<\/p>\n  <\/div>\n\n  <div class=\"atividade\">\n    <div class=\"horario\">10h \u00e0s 10h15<\/div>\n    <h4>Cerim\u00f4nia de abertura<\/h4>\n    <ul>\n      <li>Prof. Eduardo Storopoli \/ Profa. Maria Cristina Storopoli (Reitoria\/Pr\u00f3-Reitoria da Universidade Nove de Julho)<\/li>\n      <li>Prof. Dr. Nader Asgary (Professor da Bentley University \u2013 EUA, Diretor do CIK \u2013 Cyrus Institute of Knowledge, e Presidente da Comiss\u00e3o Organizadora da 13\u00aa International Conference do CIK)<\/li>\n      <li>Prof. Dr. Luciano Ferreira da Silva (Programa de P\u00f3s-gradua\u00e7\u00e3o em Gest\u00e3o de Projetos da Universidade Nove de Julho, PPGP-UNINOVE, e Presidente da Comiss\u00e3o Organizadora do XIII SINGEP)<\/li>\n      <li>Prof. Dra. Cristina Dai Pr\u00e1 Martens (Diretora do Programa de P\u00f3s-gradua\u00e7\u00e3o em Administra\u00e7\u00e3o da Universidade Nove de Julho, PPGA-UNINOVE)<\/li>\n      <li>Prof. Dra. Isabel Cristina Scafuto (Diretora do Programa de P\u00f3s-gradua\u00e7\u00e3o em Gest\u00e3o de Projetos da Universidade Nove de Julho, PPGP-UNINOVE)<\/li>\n    <\/ul>\n  <\/div>\n\n  <div class=\"atividade\">\n    <div class=\"horario\">10h15 \u00e0s 12h<\/div>\n    <h4>Confer\u00eancia de abertura: Pensamentos Human\u00edsticos: IA, Mudan\u00e7as Clim\u00e1ticas e Desenvolvimento Sustent\u00e1vel<\/h4>\n    <p><strong>Palestras:<\/strong><\/p>\n    <ul>\n      <li><strong>Intelig\u00eancia Artificial na Medicina<\/strong><br>\n      <span class=\"palestrante\">Prof. Dr. Reza Saidi, SUNY Upstate Medical University, NY, USA<\/span><\/li>\n      <li><strong>Humanizando o n\u00e3o-humano enquanto desumaniza o humano?<\/strong><br>\n      <span class=\"palestrante\">Prof. Dr. Ahmed Iraqi, ESCA, Casablanca, Morocco <\/span><\/li>\n      <li><strong>IA e Transforma\u00e7\u00e3o Digital no Ensino Superior: Insights da Universidade de Abu Dhabi \u2013 Dubai\n<\/strong><br>\n      <span class=\"palestrante\">Dr. Anas Najdawi, Director of Abu Dhabi University&#8217;s Dubai Campus<\/span><\/li>\n    <\/ul>\n    <p><strong>Panel Chair \/ Moderador:<\/strong><br>\n    Prof. Dr. Nader Asgary, President of the CYRUS Institute of Knowledge, Emeritus Prof. of Management and Economic at Bentley University, MA, USA<\/p>\n    <p><strong>Debatedor:<\/strong><br>\n    Marcelo Luiz Dias da Silva Gabriel, Escola Superior de Propaganda e Marketing, ESPM, Brasil<\/p>\n  <\/div>\n\n  <div class=\"atividade\">\n    <div class=\"horario\">12h \u00e0s 14h<\/div>\n    <h4>Almo\u00e7o<\/h4>\n    <p>Brunch ser\u00e1 servido pela organiza\u00e7\u00e3o do evento<\/p>\n  <\/div>\n\n  <div class=\"atividade\">\n    <div class=\"horario\">12h30 \u00e0s 14h<\/div>\n    <h4>Sess\u00e3o A: Organiza\u00e7\u00f5es sem fins lucrativos: fazendo a diferen\u00e7a<\/h4>\n    <p><em>(sess\u00e3o transmitida online em ingl\u00eas)<\/em><\/p>\n    <p><strong>Presidente da Sess\u00e3o:<\/strong> Nader Asgary, President of the CYRUS Institute of Knowledge, Emeritus Prof. at Bentley University, MA, USA<\/p>\n    <ul>\n      <li><strong>Projeto 440K: Desafios e Oportunidades do Sistema de Gest\u00e3o de Ado\u00e7\u00e3o nos EUA<\/strong><br>\n      <span class=\"palestrante\">Daniela Barrera, Ryan Bauer e Logan Carlso, Universidade Bentley, MA, EUA<\/span><\/li>\n      <li><strong>Caminhos para o Sucesso<\/strong><br>\n      <span class=\"palestrante\">Katie Martin, Wynn Hammond e Farah Gonzalez, Universidade Bentley, MA, EUA<\/span><\/li>\n      <li><strong>Seu Direito \u00e0 Educa\u00e7\u00e3o<\/strong><br>\n      <span class=\"palestrante\">Jimmy Mitchell, Sneha Siwach e Emily Yap, Universidade Bentley, MA, EUA<\/span><\/li>\n      <li><strong>Promessa da Provid\u00eancia: Tornando a Faculdade Mais Acess\u00edvel<\/strong><br>\n      <span class=\"palestrante\">Josh DeWolf, Brady Collins e Naeelah Desanges, Universidade Bentley, MA, EUA<\/span><\/li>\n      <li><strong>Superando Fronteiras: A Evolu\u00e7\u00e3o e os Desafios do Instituto Cyrus de Conhecimento<\/strong><br>\n      <span class=\"palestrante\">Nilufar Noorian, Richa Thapa e Jokubas Skurdenis, Universidade Bentley, MA, EUA<\/span><\/li>\n    <\/ul>\n  <\/div>\n\n  <div class=\"atividade\">\n    <div class=\"horario\">14h \u00e0s 16h<\/div>\n    <h4>Apresenta\u00e7\u00e3o Plen\u00e1ria: Valores humanos, governan\u00e7a e educa\u00e7\u00e3o superior em uma sociedade projetizada sustent\u00e1vel<\/h4>\n    <p><strong>Palestras:<\/strong><\/p>\n    <ul>\n      <li><strong>Governan\u00e7a, projetos e ecossistemas de sa\u00fade<\/strong><br>\n      <span class=\"palestrante\">Prof. Ricardo Geraidine, PPGP-UNINOVE, Brasil<\/span><\/li>\n      <li><strong>Ecossistema de inova\u00e7\u00e3o e sustentabilidade<\/strong><br>\n      <span class=\"palestrante\">Prof. Dr. Franklin Yamasake, PPGA-UNINOVE, Brasil<\/span><\/li>\n      <li><strong>O papel do ensino superior numa sociedade sustent\u00e1vel<\/strong><br>\n      <span class=\"palestrante\">Prof. Koray Ozpolat, URI, RI, USA<\/span><\/li>\n    <\/ul>\n    <p><strong>Moderadora\/Debatedora:<\/strong><br>\n    Profa. Dra. Tatiana Tucunduva Philippi Cortese, Programa de P\u00f3s-Gradua\u00e7\u00e3o em Cidades Inteligentes e Sustent\u00e1veis da Universidade Nove de Julho \u2013 UNINOVE<\/p>\n  <\/div>\n\n  <div class=\"atividade\">\n    <div class=\"horario\">16h \u00e0s 16h30<\/div>\n    <h4>Coffee break<\/h4>\n  <\/div>\n\n  <div class=\"atividade\">\n    <div class=\"horario\">16h30 \u00e0s 19h<\/div>\n    <h4>Cons\u00f3rcio Internacional de Doutoramento<\/h4>\n    <p><strong>Coordena\u00e7\u00e3o Nacional:<\/strong> Prof. Dr. Emerson Antonio Maccari (Professor do Programa de P\u00f3s-gradua\u00e7\u00e3o em Administra\u00e7\u00e3o e do Programa de P\u00f3s-gradua\u00e7\u00e3o em Gest\u00e3o de Projetos da Universidade Nove de Julho, PPGP-UNINOVE)<\/p>\n    <p><strong>Coordena\u00e7\u00e3o Internacional:<\/strong> Prof. Dr. Nader Asgary (Professor da Bentley University \u2013 EUA, Diretor do CIK \u2013 Cyrus Institute of Knowledge, e Presidente da Comiss\u00e3o Organizadora do International Conference Cyrus)<\/p>\n    <p><strong>Professores da banca:<\/strong><\/p>\n    <ul>\n      <li>Fernando Antonio Ribeiro Serra, Professor na Universidade Nove de Julho &#8211; UNINOVE, Brasil<\/li>\n      <li>Leonel Cezar Rodrigues, Professor UNIARA e consultor da UNESCO\/CAPES, Brasil<\/li>\n      <li>Ahmad Etebari, Professor Finance and Dept Head at University of New Hampshire, NH USA<\/li>\n      <li>Maling Ebrahimpour, Professor and Editor of Cyrus Global Business Perspectives, The University of Rhode Island, USA<\/li>\n      <li>Alf Walle, Cyrus Institution of Knowledge, MA, USA<\/li>\n      <li>Jalila El Jadidi, Cyrus Institution of Knowledge, MA, USA<\/li>\n    <\/ul>\n  <\/div>\n\n  <h2>2\u00ba DIA DO EVENTO \u2013 Apresenta\u00e7\u00f5es s\u00edncronas online<\/h2>\n  <h3>23 de outubro de 2025 (Quinta-feira) &#8211; VIRTUAL<\/h3>\n\n  <div class=\"atividade\">\n    <div class=\"horario\">8h \u00e0s 9h30<\/div>\n    <h4>Sess\u00f5es paralelas de apresenta\u00e7\u00e3o de Trabalhos<\/h4>\n  <\/div>\n\n  <div class=\"atividade\">\n    <div class=\"horario\">9h30 \u00e0s 9h40<\/div>\n    <h4>Intervalo<\/h4>\n  <\/div>\n\n  <div class=\"atividade\">\n    <div class=\"horario\">9h40 \u00e0s 11h10<\/div>\n    <h4>Sess\u00f5es paralelas de apresenta\u00e7\u00e3o de Trabalhos<\/h4>\n  <\/div>\n\n  <div class=\"atividade\">\n    <div class=\"horario\">11h10 \u00e0s 11h20<\/div>\n    <h4>Intervalo<\/h4>\n  <\/div>\n\n  <div class=\"atividade\">\n    <div class=\"horario\">11h20 \u00e0s 12h50<\/div>\n    <h4>Sess\u00f5es paralelas de apresenta\u00e7\u00e3o de Trabalhos<\/h4>\n    <h4>Sess\u00f5es paralelas de apresenta\u00e7\u00e3o de relatos de Produtos T\u00e9cnicos-Tecnol\u00f3gicos<\/h4>\n  <\/div>\n\n  <div class=\"atividade\">\n    <div class=\"horario\">12h50 \u00e0s 14h20<\/div>\n    <h4>Intervalo livre<\/h4>\n  <\/div>\n\n  <div class=\"atividade\">\n    <div class=\"horario\">14h20 \u00e0s 16h20<\/div>\n\n    <h4>Sess\u00f5es paralelas de apresenta\u00e7\u00e3o de Trabalhos<\/h4>\n\n    <h4>Encontro de Editores e Autores: Produ\u00e7\u00e3o T\u00e9cnica e Tecnol\u00f3gica de Impacto<\/h4>\n    <p><strong>Coordena\u00e7\u00e3o e debate:<\/strong><br>\n    Profa. Dra. V\u00e2nia Maria Jorge Nassif \u2013 Co-editora-chefe IJI e PPGA UNINOVE<\/p>\n    <p><strong>Painelistas:<\/strong><\/p>\n    <ul>\n      <li>Prof. Dr. M\u00e1rcio Lopes Pimenta &#8211; Coordenador Adjunto na CAPES dos Programas de P\u00f3s-Gradua\u00e7\u00e3o Profissionais<\/li>\n      <li>Profa. Dra. Adriana Wilner \u2013 Co-editora-chefe GV Executivo \/ Funda\u00e7\u00e3o Get\u00falio Vargas, Escola de Administra\u00e7\u00e3o de Empresas de S\u00e3o Paulo (FGV EAESP)<\/li>\n      <li>Profa. Dra. Cristina Dai Pr\u00e1 Martens \u2013 Editora-chefe IPTEC \/ PPGA e PPGP UNINOVE<\/li>\n    <\/ul>\n  <\/div>\n\n  <div class=\"atividade\">\n    <div class=\"horario\">16h20 \u00e0s 16h30<\/div>\n    <h4>Intervalo<\/h4>\n  <\/div>\n\n  <div class=\"atividade\">\n    <div class=\"horario\">16h30 \u00e0s 18h30<\/div>\n    <h4>Sess\u00f5es paralelas de apresenta\u00e7\u00e3o de Trabalhos<\/h4>\n  <\/div>\n\n  <div class=\"atividade\">\n    <div class=\"horario\">16h30 \u00e0s 18h30<\/div>\n    <h4>Paper Development Workshop (PDW): Sess\u00e3o com editores das Revistas<\/h4>\n    <p><strong>Coordena\u00e7\u00e3o:<\/strong> Profa. Dra. Heidy Rodriguez Ramos (Professora do Programa de P\u00f3s-gradua\u00e7\u00e3o em Administra\u00e7\u00e3o da Universidade Nove de Julho, PPGA-UNINOVE, Professora do Programa de P\u00f3s-gradua\u00e7\u00e3o em Cidades Inteligentes e Sustent\u00e1veis da Universidade Nove de Julho, PPGCIS-UNINOVE, e Editora da Revista RIAE)<\/p>\n    <p><strong>Editores convidados:<\/strong><\/p>\n    <ul>\n      <li>Prof. Dr. Jos\u00e9 Edson Lara (Professor do Mestrado Profissional em Administra\u00e7\u00e3o da Funda\u00e7\u00e3o Pedro Leopoldo, e Editor da Revista Gest\u00e3o &#038; Tecnologia)<\/li>\n      <li>Prof. Dr. Benny Kramer Costa (Professor do Programa de P\u00f3s-gradua\u00e7\u00e3o em Administra\u00e7\u00e3o da Universidade Nove de Julho, PPGA-UNINOVE, e Editor da Revista PODIUM)<\/li>\n      <li>Prof. Dr. Edmilson De Oliveira Lima (Professor do Programa de P\u00f3s-gradua\u00e7\u00e3o em Administra\u00e7\u00e3o da Universidade Nove de Julho, PPGA-UNINOVE, e Editor da Revista PODIUM)<\/li>\n      <li>Prof. Dr. Leandro Carlos Mazzei (Professor na Universidade Estadual de Campinas \u2013 UNICAMP e Editor da Revista PODIUM)<\/li>\n      <li>Profa. Dra. Cristiane Drebes Pedron (Professora do Programa de P\u00f3s-gradua\u00e7\u00e3o em Administra\u00e7\u00e3o da Universidade Nove de Julho, PPGA-UNINOVE, Professora do Programa de P\u00f3s-gradua\u00e7\u00e3o em Gest\u00e3o de Projetos da Universidade Nove de Julho, PPGP-UNINOVE, e Editora da Revista IPTEC)<\/li>\n      <li>Profa. Dra. Cristina Dai Pr\u00e1 Martens (Professora do Programa de P\u00f3s-gradua\u00e7\u00e3o em Administra\u00e7\u00e3o da Universidade Nove de Julho, PPGA-UNINOVE, Professora do Programa de P\u00f3s-gradua\u00e7\u00e3o em Gest\u00e3o de Projetos da Universidade Nove de Julho, PPGP-UNINOVE, e Editora da Revista IPTEC)<\/li>\n      <li>Prof. Dra. V\u00e2nia Maria Jorge Nassif (Professora do Programa de P\u00f3s-gradua\u00e7\u00e3o em Administra\u00e7\u00e3o da Universidade Nove de Julho, PPGA-UNINOVE e Editora da Revista IJI)<\/li>\n      <li>Profa. Dra. Isabel Cristina Scafuto (Professora do Programa de P\u00f3s-gradua\u00e7\u00e3o em Gest\u00e3o de Projetos da Universidade Nove de Julho, PPGP-UNINOVE, Professora do Programa de P\u00f3s-gradua\u00e7\u00e3o em Administra\u00e7\u00e3o da Universidade Nove de Julho, PPGA-UNINOVE, e Editora da Revista IJI)<\/li>\n      <li>Prof. Dr. Leonardo Vils (Professor do Programa de P\u00f3s-gradua\u00e7\u00e3o em Gest\u00e3o de Projetos da Universidade Nove de Julho, PPGP-UNINOVE, Professor do Programa de P\u00f3s-gradua\u00e7\u00e3o em Administra\u00e7\u00e3o da Universidade Nove de Julho, PPGA-UNINOVE, e Editor da Revista REMARK)<\/li>\n      <li>Prof. Dr. Andr\u00e9 Torres Urdan (Professor do Programa de P\u00f3s-gradua\u00e7\u00e3o em Administra\u00e7\u00e3o da Universidade Nove de Julho, PPGA-UNINOVE, e Editor da Revista REMARK)<\/li>\n      <li>Prof. Dr. Luiz Fernando Rodrigues Pinto (Professor do P\u00f3s-gradua\u00e7\u00e3o em Cidades Inteligentes e Sustent\u00e1veis da Universidade Nove de Julho, PPGCIS-UNINOVE, e Editor da Revista EXACTA)<\/li>\n      <li>Prof. Dr. Luciano Ferreira da Silva (Professor do Programa de P\u00f3s-gradua\u00e7\u00e3o em Gest\u00e3o de Projetos da Universidade Nove de Julho, PPGP-UNINOVE, Professor do Programa de P\u00f3s-gradua\u00e7\u00e3o em Administra\u00e7\u00e3o da Universidade Nove de Julho, PPGA-UNINOVE, e Editor da Revista GeP)<\/li>\n      <li>Prof. Dr. Nelson Jos\u00e9 Rosamilha (Professor na PUC-RS e Editor da Revista GeP)<\/li>\n      <li>Prof. Dr. Fabr\u00edcio Martins Lacerda (Professor na Universidade Estadual do Paran\u00e1, UNESPAR, e Editor da Revista GeP)<\/li>\n<li>Prof. Dr. Ivano Ribeiro (Universidade do Oeste do Paran\u00e1, UNIOESTE, e Editora da Revista RIAE)<\/li>   \n<li>Profa. Dra. Michelle Regina Santana Dutra (UNIHORIZONTES)<\/li>\n    <\/ul>\n  <\/div>\n\n  <div class=\"atividade\">\n    <div class=\"horario\">18h30 \u00e0s 18h40<\/div>\n    <h4>Intervalo<\/h4>\n  <\/div>\n\n  <div class=\"atividade\">\n    <div class=\"horario\">18h40<\/div>\n    <h4>Premia\u00e7\u00e3o dos Melhores Trabalhos do Evento (5 categorias)<\/h4>\n    <h4>Premia\u00e7\u00e3o das Melhores Teses e Disserta\u00e7\u00f5es (2 categorias)<\/h4>\n    <p><strong>Organiza\u00e7\u00e3o:<\/strong> Prof. Dr. Luciano Ferreira da Silva (Professor do Programa de P\u00f3s-gradua\u00e7\u00e3o em Gest\u00e3o em Projetos da Universidade Nove de Julho, PPGP-UNINOVE)<\/p>\n    \n    <div class=\"nota\">\n      <p><strong>Crit\u00e9rios para sele\u00e7\u00e3o dos melhores trabalhos:<\/strong> qualidade, clareza e reda\u00e7\u00e3o do texto; atualidade do tema do trabalho; clareza nos objetivos; adequa\u00e7\u00e3o metodol\u00f3gica; forma de apresenta\u00e7\u00e3o dos dados quantitativos ou qualitativos; embasamento, amplitude e corre\u00e7\u00e3o face aos resultados obtidos; e consist\u00eancia e abrang\u00eancia das refer\u00eancias.<\/p>\n      \n      <p><strong>Categorias de Premia\u00e7\u00e3o de Trabalhos:<\/strong><\/p>\n      <ol>\n        <li>Categoria &#8220;Melhor Artigo Cient\u00edfico&#8221;, envolvendo a sele\u00e7\u00e3o dos tr\u00eas melhores trabalhos por tema (gest\u00e3o de projetos, inova\u00e7\u00e3o e empreendedorismo, sustentabilidade, estrat\u00e9gia, marketing)<\/li>\n        <li>Categoria &#8220;Melhor Relato T\u00e9cnico&#8221;, contemplando a sele\u00e7\u00e3o dos tr\u00eas melhores trabalhos por tema (gest\u00e3o de projetos, inova\u00e7\u00e3o e empreendedorismo, sustentabilidade, estrat\u00e9gia, marketing)<\/li>\n        <li>Categoria &#8220;Melhor P\u00f4ster&#8221;, envolvendo a sele\u00e7\u00e3o dos tr\u00eas melhores p\u00f4steres do evento<\/li>\n        <li>Categoria &#8220;Melhor Relato de PTT&#8221;, contemplando a sele\u00e7\u00e3o dos tr\u00eas melhores PTTs do evento<\/li>\n        <li>Categoria &#8220;Melhor Trabalho do XIII SINGEP&#8221;, mediante sele\u00e7\u00e3o do melhor trabalho do evento<\/li>\n        <li>Categoria &#8220;Distin\u00e7\u00e3o de M\u00e9rito&#8221; para os tr\u00eas melhores avaliadores do evento<\/li>\n      <\/ol>\n      \n      <p><strong>Crit\u00e9rios para sele\u00e7\u00e3o das melhores Teses e Disserta\u00e7\u00f5es:<\/strong> a originalidade do trabalho; sua relev\u00e2ncia para o desenvolvimento cient\u00edfico, tecnol\u00f3gico, cultural, social e de inova\u00e7\u00e3o.<\/p>\n      \n      <p><strong>Categorias de Premia\u00e7\u00e3o de Teses e Disserta\u00e7\u00f5es:<\/strong><\/p>\n      <ol>\n        <li>Categoria &#8220;Melhor Disserta\u00e7\u00e3o&#8221;, envolvendo a sele\u00e7\u00e3o das tr\u00eas melhores disserta\u00e7\u00f5es por programa (PPGA e PPGP UNINOVE)<\/li>\n        <li>Categoria &#8220;Melhor Tese&#8221;, contemplando a sele\u00e7\u00e3o das tr\u00eas melhores teses por programa (PPGA e PPGP UNINOVE)<\/li>\n      <\/ol>\n    <\/div>\n  <\/div>\n\n  <h2>3\u00ba DIA DO EVENTO<\/h2>\n  <h3>24 de outubro de 2025 (Sexta-feira) \u2013 VIRTUAL<\/h3>\n\n  <div class=\"atividade\">\n    <div class=\"horario\">9h \u00e0s 10h50<\/div>\n    <h4>Workshop 1: &#8220;Descobrindo a L\u00f3gica Configuracional com Qualitative Comparative Analysis (QCA)&#8221;<\/h4>\n    <p class=\"palestrante\">J\u00falio Cesar Teixeira, PPGA UNINOVE<\/p>\n  <\/div>\n\n  <div class=\"atividade\">\n    <div class=\"horario\">10h50 \u00e0s 11h<\/div>\n    <h4>Intervalo<\/h4>\n  <\/div>\n\n  <div class=\"atividade\">\n    <div class=\"horario\">11h \u00e0s 12h50<\/div>\n    <h4>Workshop 2: &#8220;Introdu\u00e7\u00e3o \u00e0 An\u00e1lise de Decis\u00e3o Multicrit\u00e9rio: Aplica\u00e7\u00f5es e Exemplos&#8221;<\/h4>\n    <p class=\"palestrante\">Fellipe Silva Martins, PPGA \u2013 MACKENZIE<\/p>\n  <\/div>\n\n  <div class=\"atividade\">\n    <div class=\"horario\">12h50 \u00e0s 14h<\/div>\n    <h4>Intervalo<\/h4>\n  <\/div>\n\n  <div class=\"atividade\">\n    <div class=\"horario\">14h \u00e0s 15h50<\/div>\n    <h4>Workshop 3: &#8220;Desvendando a Metan\u00e1lise: um guia para Pesquisadores&#8221;<\/h4>\n    <p class=\"palestrante\">Wanderson Dutra Gresele e Lu\u00eds F\u00e1bio Cavalcanti da Silva, PPGA UNINOVE<\/p>\n  <\/div>\n\n  <div class=\"atividade\">\n    <div class=\"horario\">15h50 \u00e0s 16h<\/div>\n    <h4>Intervalo<\/h4>\n  <\/div>\n\n  <div class=\"atividade\">\n    <div class=\"horario\">16h \u00e0s 17h50<\/div>\n    <h4>Workshop 4: &#8220;Certifica\u00e7\u00f5es do PMI e a Ascens\u00e3o da Intelig\u00eancia Artificial&#8221;<\/h4>\n    <p class=\"palestrante\">Airis Horta e Jo\u00e3o Silva, PMI S\u00e3o Paulo e PMI Angola<\/p>\n  <\/div>\n\n  <div class=\"atividade\">\n    <div class=\"horario\">17h50 \u00e0s 18h<\/div>\n    <h4>Intervalo<\/h4>\n  <\/div>\n\n  <div class=\"atividade\">\n    <div class=\"horario\">18h<\/div>\n    <h4>Encerramento do XIII SINGEP-CIK<\/h4>\n  <\/div>\n<\/div>\n","protected":false},"excerpt":{"rendered":"<p>*Hor\u00e1rio de Bras\u00edlia Primeiro dia do Evento 22 de outubro de 2025 (Quarta-feira) \u2013 Presencial com transmiss\u00e3o online Localiza\u00e7\u00e3o: Campus Vergueiro da UNINOVE (Audit\u00f3rio \u2013 1\u00ba andar) Rua Vergueiro, 235\/249 &#8211; Liberdade, S\u00e3o Paulo \u2013 SP 9h \u00e0s 10h Recep\u00e7\u00e3o dos participantes XIII SINGEP-CIKCoffee de&nbsp;<a href=\"https:\/\/singep.org.br\/13\/programacao\/\">&hellip;<\/a><\/p>\n","protected":false},"author":1,"featured_media":0,"parent":0,"menu_order":0,"comment_status":"closed","ping_status":"open","template":"","meta":{"footnotes":""},"class_list":["post-4341","page","type-page","status-publish","hentry","odd"],"jetpack_sharing_enabled":true,"_links":{"self":[{"href":"https:\/\/singep.org.br\/13\/wp-json\/wp\/v2\/pages\/4341","targetHints":{"allow":["GET"]}}],"collection":[{"href":"https:\/\/singep.org.br\/13\/wp-json\/wp\/v2\/pages"}],"about":[{"href":"https:\/\/singep.org.br\/13\/wp-json\/wp\/v2\/types\/page"}],"author":[{"embeddable":true,"href":"https:\/\/singep.org.br\/13\/wp-json\/wp\/v2\/users\/1"}],"replies":[{"embeddable":true,"href":"https:\/\/singep.org.br\/13\/wp-json\/wp\/v2\/comments?post=4341"}],"version-history":[{"count":27,"href":"https:\/\/singep.org.br\/13\/wp-json\/wp\/v2\/pages\/4341\/revisions"}],"predecessor-version":[{"id":10584,"href":"https:\/\/singep.org.br\/13\/wp-json\/wp\/v2\/pages\/4341\/revisions\/10584"}],"wp:attachment":[{"href":"https:\/\/singep.org.br\/13\/wp-json\/wp\/v2\/media?parent=4341"}],"curies":[{"name":"wp","href":"https:\/\/api.w.org\/{rel}","templated":true}]}}