{"id":5719,"date":"2018-06-30T15:36:21","date_gmt":"2018-06-30T18:36:21","guid":{"rendered":"http:\/\/singep.org.br\/11\/?page_id=5719"},"modified":"2023-10-19T12:58:58","modified_gmt":"2023-10-19T15:58:58","slug":"programacion","status":"publish","type":"page","link":"https:\/\/singep.org.br\/11\/programacion\/?lang=es","title":{"rendered":"PROGRAMACI\u00d3N PRELIMINAR X SINGEP-CIK"},"content":{"rendered":"\n<div class=\"wp-block-buttons is-layout-flex wp-block-buttons-is-layout-flex\">\n<div class=\"wp-block-button\"><a class=\"wp-block-button__link wp-element-button\" href=\"https:\/\/singep.org.br\/11\/wp-content\/uploads\/sites\/10\/2022\/10\/Programacao-Completa-Singep-v2.pdf\" style=\"border-radius:0px\" target=\"_blank\" rel=\"noreferrer noopener\">Calendario detallado de presentaci\u00f3n de trabajos<\/a><\/div>\n<\/div>\n\n\n\n<p class=\"has-black-color has-text-color\">* <strong>Hora de Bras\u00edlia (Brasil)<\/strong><\/p>\n\n\n\n<p class=\"is-style-stripes\"><strong>1er D\u00cdA DEL EVENTO<\/strong><\/p>\n\n\n\n<figure class=\"wp-block-table is-style-stripes\"><table><thead><tr><th>Horario*<\/th><th><br><strong>25 de octubre de 2023 (Mi\u00e9rcoles) \u2013 PRESENCIAL \u2013 UNINOVE (S\u00e3o Paulo)<\/strong><br><strong>Lugar: Campus Vergueiro de la UNINOVE (Auditorio del primer piso), Rua Vergueiro, 235\/249 &#8211; Liberdade, S\u00e3o Paulo &#8211; SP.<\/strong><\/th><\/tr><\/thead><tbody><tr><td><p class=\"MsoNormal\" style=\"margin-top:6.0pt;margin-right:0cm;margin-bottom:\n  6.0pt;margin-left:0cm;line-height:normal\"><b><span lang=\"ES-TRAD\" style=\"font-family:&quot;Calibri&quot;,sans-serif;color:black\">9:00 a 10:00<\/span><\/b><\/p><\/td><td><p class=\"MsoNormal\" style=\"margin-top:6.0pt;margin-right:0cm;margin-bottom:\n  6.0pt;margin-left:0cm;line-height:normal\"><b><span lang=\"ES-TRAD\" style=\"font-family:&quot;Calibri&quot;,sans-serif;color:black\">Acreditaci\u00f3n XI SINGEP-CIK<br>Coffee de recibimiento<\/span><\/b><\/p><\/td><\/tr><tr><td><p class=\"MsoNormal\" style=\"margin-top:6.0pt;margin-right:0cm;margin-bottom:\n  6.0pt;margin-left:0cm;line-height:normal\"><b><span lang=\"ES-TRAD\" style=\"font-family:&quot;Calibri&quot;,sans-serif\"><strong>10:00 a 10:15<\/strong><\/span><\/b><\/p><\/td><td><p class=\"MsoNormal\" style=\"margin-top:6.0pt;margin-right:0cm;margin-bottom:\n  6.0pt;margin-left:0cm;text-align:justify;text-justify:inter-ideograph;\n  line-height:normal\"><b><span lang=\"ES-TRAD\" style=\"font-family:&quot;Calibri&quot;,sans-serif\">Solemnidad   de Apertura<\/span><\/b><\/p>Prof. Eduardo Storopoli \/ Profa. Maria Cristina Storopoli (Rector\u00eda\/Vicerrector\u00eda de la Universidade Nove de Julho).<br>Prof. Dr. Nader Asgary (Profesor de Bentley University &#8211; EE. UU., Director del CIK &#8211; Cyrus Institute of Knowledge y Presidente del Comit\u00e9 Organizador de la 9\u00aa Conferencia Internacional del CIK).<br>Profa. Dra. Cristina Dai Pr\u00e1 Martens (Directora del Programa de Posgrado en Gesti\u00f3n de Proyectos de la Universidade Nove de Julho, PPGP-UNINOVE, y Presidenta del Comit\u00e9 Organizador del XI SINGEP).<br>Prof. Dra. Priscila Rezende da Costa (Directora del Programa de Posgrado en Administraci\u00f3n de la Universidade Nove de Julho, PPGA-UNINOVE).<\/td><\/tr><tr><td><p class=\"MsoNormal\" style=\"margin-top:6.0pt;margin-right:0cm;margin-bottom:\n  6.0pt;margin-left:0cm;line-height:normal\"><b><span lang=\"ES-TRAD\" style=\"font-family:&quot;Calibri&quot;,sans-serif;color:black\"><strong>10:15 a 12:00<\/strong><\/span><\/b><\/p><\/td><td><strong style=\"font-size: revert; text-align: justify; font-family: inherit; color: initial;\">Conferencia de<\/strong><span style=\"font-size: revert; text-align: justify; font-family: inherit; font-weight: inherit; color: initial;\"> <\/span><strong style=\"font-size: revert; text-align: justify; font-family: inherit; color: initial;\">Apertura:<\/strong><br><strong>Gesti\u00f3n ESG (Ambiental, Social y de Gobierno) para el logro de los Objetivos de Desarrollo Sostenible (ODS)<br>ESG (Environmental, Social, and Governance) Management to Achieve the Sustainable Development Goals (SDGs)<\/strong><br>Conferencistas:<br>Prof. Dr. Carlos Rufin (Profesor de la Suffolk University &#8211; EE. UU.)<br>Prof. Dr. Arlindo Philippi Junior (Profesor titular de la Facultad de Salud P\u00fablica de la USP, S\u00e3o Paulo &#8211; Brasil).<br>Prof. Dr. Majid Kaissar El Ghaib (ESCA Ecole de Management, Casablanca, Marruecos)<br>Debatedores:<br>Prof. Dr. Isak Kruglianskas (Profesor Titular FEA\/USP, Coordinador del PROGESA \u2013 FIA, S\u00e3o Paulo \u2013 Brasil)<br>Prof. Dr. Nader Asgary (Profesor de Bentley University &#8211; EE. UU., Director del CIK \u2013 Cyrus Institute of Knowledge y Presidente del Comit\u00e9 Organizador de la Conferencia Internacional Cyrus)<br>Moderador:<br>Profa. Dra. Cristina Dai Pr\u00e1 Martens (Profesora del Programa de Posgrado en Administraci\u00f3n y del Programa de Posgrado en Gesti\u00f3n de Proyectos de UNINOVE, y Presidenta del Comit\u00e9 Organizador del XI SINGEP)<\/td><\/tr><tr><td><p class=\"MsoNormal\" style=\"margin-top:6.0pt;margin-right:0cm;margin-bottom:\n  6.0pt;margin-left:0cm;line-height:normal\"><b><span lang=\"ES-TRAD\" style=\"font-family:&quot;Calibri&quot;,sans-serif\">12:00 a 14:00<\/span><\/b><\/p><\/td><td><p class=\"MsoNormal\" style=\"margin-top:6.0pt;margin-right:0cm;margin-bottom:\n  6.0pt;margin-left:0cm;line-height:normal\"><span style=\"font-family: inherit; font-size: inherit; font-weight: inherit; background-color: transparent; color: initial;\">Almuerzo <\/span>&#8211; la organizaci\u00f3n del evento servir\u00e1 un brunch.<\/p><\/td><\/tr><tr><td><b style=\"font-size: revert; font-family: inherit; color: initial;\"><span lang=\"ES-TRAD\" style=\"font-family: Calibri, sans-serif;\"><strong><b style=\"font-size: revert; font-family: inherit; color: initial;\"><span lang=\"ES-TRAD\" style=\"font-family: Calibri, sans-serif;\"><strong>1<\/strong><\/span><\/b>4:00 a 16:00<\/strong><\/span><\/b>   <\/td><td><strong>Presentaci\u00f3n Plenaria:<br>Inteligencia Artificial, Industria 4.0 y Gesti\u00f3n de la Innovaci\u00f3n Transformando los Negocios<\/strong><br><strong>Artificial Intelligence, Industry 4.0 and Innovation Management Transforming Business<br><\/strong>Conferencistas:<br>Prof. Dr. Vasco Furtado (Coordinador del Laboratorio de Ciencias de Datos e Inteligencia Artificial de la Universidad de Fortaleza &#8211; UNIFOR)<br>Profa. Dra. Carla Bonato Marcolin (Coordinadora del Laboratorio de Inteligencia Artificial Aplicada de la Universidad Federal de Uberl\u00e2ndia &#8211; UFU)<br>Profa. Dra. Amarolinda Iara da Costa Zanela Klein (Profesora del Programa de Posgrado en Administraci\u00f3n de la Escuela de Gesti\u00f3n y Negocios de UNISINOS)<br>Kayvon Touran (CEO y Cofundador | Zal.ai, Maine, EE. UU.)<br>Moderador:<br>Prof. Dr. Fernando Antonio Ribeiro Serra (Profesor del Programa de Posgrado en Administraci\u00f3n y del Programa de Posgrado en Gesti\u00f3n de Proyectos de UNINOVE)   <\/td><\/tr><tr><td><p class=\"MsoNormal\" style=\"margin-top:6.0pt;margin-right:0cm;margin-bottom:\n  6.0pt;margin-left:0cm;line-height:normal\"><b><span lang=\"ES-TRAD\" style=\"font-family:&quot;Calibri&quot;,sans-serif\"><strong>16:00 a 16:30<\/strong><\/span><\/b><\/p><\/td><td><p class=\"MsoNormal\" style=\"margin-top:6.0pt;margin-right:0cm;margin-bottom:\n  6.0pt;margin-left:0cm;text-align:justify;text-justify:inter-ideograph;\n  line-height:normal\"><\/p>Coffee break<p class=\"MsoNormal\" style=\"margin-top:6.0pt;margin-right:0cm;margin-bottom:\n  6.0pt;margin-left:0cm;text-align:justify;text-justify:inter-ideograph;\n  line-height:normal\"><\/p><\/td><\/tr><tr><td><p class=\"MsoNormal\" style=\"margin-top:6.0pt;margin-right:0cm;margin-bottom:\n  6.0pt;margin-left:0cm;line-height:normal\"><b><span lang=\"ES-TRAD\" style=\"font-family:&quot;Calibri&quot;,sans-serif;color:black\">16:30 a 18:30<\/span><\/b><\/p><\/td><td><b style=\"font-size: revert; font-family: inherit; color: initial;\"><span lang=\"ES-TRAD\" style=\"font-family: Calibri, sans-serif;\"><strong>Consorcio Doctoral Internacional<\/strong><\/span><\/b>   <br>Coordenaci\u00f3n nacional: Prof. Dr. Emerson Antonio Maccari (Profesor del Programa de Posgrado en Administraci\u00f3n y del Programa de Posgrado en Gesti\u00f3n de Proyectos de la Universidad Nove de Julho, PPGP-UNINOVE).<br>Coordinaci\u00f3n internacional: Prof. Dr. Nader Asgary (Profesor de la Bentley University &#8211; EE. UU., Director del CIK &#8211; Cyrus Institute of Knowledge y Presidente del Comit\u00e9 Organizador de la Conferencia Internacional Cyrus).<\/td><\/tr><\/tbody><\/table><\/figure>\n\n\n\n<p><strong>2do D\u00cdA DEL EVENTO<\/strong><\/p>\n\n\n\n<figure class=\"wp-block-table is-style-stripes\"><table><thead><tr><th>Horario<\/th><th><strong><br><strong>26 de octubre de 2023 (Jueves) &#8211; VIRTUAL<\/strong><\/strong><\/th><\/tr><\/thead><tbody><tr><td><p class=\"MsoNormal\" style=\"margin-top:6.0pt;margin-right:0cm;margin-bottom:\n  6.0pt;margin-left:0cm;line-height:normal\"><b><span lang=\"ES-TRAD\" style=\"font-family:&quot;Calibri&quot;,sans-serif;color:black\"><strong><strong>8:30 a 10:30<\/strong><br><strong>Virtual<\/strong><\/strong><\/span><\/b><span style=\"font-family: inherit; font-size: inherit; font-weight: inherit; color: initial;\">   <\/span><\/p><\/td><td><p class=\"MsoNormal\" style=\"margin-top:6.0pt;margin-right:0cm;margin-bottom:\n  6.0pt;margin-left:0cm;line-height:normal\"><b><span lang=\"ES-TRAD\" style=\"font-family:&quot;Calibri&quot;,sans-serif;color:black\"><strong>Sesiones paralelas de presentaci\u00f3n de Trabajos<\/strong><\/span><\/b><\/p><\/td><\/tr><tr><td><p class=\"MsoNormal\" style=\"margin-top:6.0pt;margin-right:0cm;margin-bottom:\n  6.0pt;margin-left:0cm;line-height:normal\"><b><span lang=\"ES-TRAD\" style=\"font-family:&quot;Calibri&quot;,sans-serif;color:black\"><strong><strong>8:30 a 10:30<\/strong><br><strong>Virtual<\/strong><\/strong><\/span><\/b><\/p><\/td><td><strong>Sesiones paralelas de presentaci\u00f3n de P\u00f3sters.<\/strong><\/td><\/tr><tr><td><p class=\"MsoNormal\" style=\"margin-top:6.0pt;margin-right:0cm;margin-bottom:\n  6.0pt;margin-left:0cm;line-height:normal\"><b><span lang=\"ES-TRAD\" style=\"font-family:&quot;Calibri&quot;,sans-serif\">10:30 a 10:40<\/span><\/b><\/p><\/td><td>Receso<p class=\"MsoNormal\" style=\"margin-top:6.0pt;margin-right:0cm;margin-bottom:\n  6.0pt;margin-left:0cm;text-align:justify;text-justify:inter-ideograph;\n  line-height:normal\"><\/p><p class=\"MsoNormal\" style=\"margin-top:6.0pt;margin-right:0cm;margin-bottom:\n  6.0pt;margin-left:0cm;text-align:justify;text-justify:inter-ideograph;\n  line-height:normal\"><\/p><\/td><\/tr><tr><td><p class=\"MsoNormal\" style=\"margin-top:6.0pt;margin-right:0cm;margin-bottom:\n  6.0pt;margin-left:0cm;line-height:normal\"><b><span lang=\"ES-TRAD\" style=\"font-family:&quot;Calibri&quot;,sans-serif\"><strong>10:40 a 12:40<\/strong><\/span><\/b><\/p><\/td><td><p class=\"MsoNormal\" style=\"margin-top:6.0pt;margin-right:0cm;margin-bottom:\n  6.0pt;margin-left:0cm;text-align:justify;text-justify:inter-ideograph;\n  line-height:normal\"><b><span lang=\"ES-TRAD\" style=\"font-family:&quot;Calibri&quot;,sans-serif\"><strong>Sesiones paralelas de presentaci\u00f3n de Trabajos<\/strong><\/span><\/b><span style=\"font-family: inherit; font-size: inherit; font-weight: inherit; background-color: transparent; color: initial;\">   <\/span><\/p><\/td><\/tr><tr><td><p class=\"MsoNormal\" style=\"margin-top:6.0pt;margin-right:0cm;margin-bottom:\n  6.0pt;margin-left:0cm;line-height:normal\"><b><span lang=\"ES-TRAD\" style=\"font-family:&quot;Calibri&quot;,sans-serif;color:black\">12:40 a 14:20<\/span><\/b><\/p><\/td><td>Receso libre <\/td><\/tr><tr><td><p class=\"MsoNormal\" style=\"margin-top:6.0pt;margin-right:0cm;margin-bottom:\n  6.0pt;margin-left:0cm;line-height:normal\"><b><span lang=\"ES-TRAD\" style=\"font-family:&quot;Calibri&quot;,sans-serif\"><strong><strong>14:20 a 16:20<br>Virtual<\/strong><\/strong><\/span><\/b><\/p><\/td><td><b><strong>Encuentro de Editores y Autores: buenas pr\u00e1cticas de producci\u00f3n cient\u00edfica nacional e internacional<\/strong><\/b>   <br>Organizaci\u00f3n: Profa. Dra. V\u00e2nia Jorge Nassif (Profesora en el Programa de Posgrado en Administraci\u00f3n de la Universidade Nove de Julho, PPGA-UNINOVE).<br>Panelistas:<br>Profa. Dra. Cecilia M. Villas Boas de Almeida &#8211; Universidade Paulista (UNIP). Vicerrector\u00eda de Investigaci\u00f3n y Posgrado. Co-Editora en Jefe de la Revista Journal of Cleaner Production \u2013 A1<br>Prof. Dr. Edson Aparecida de Ara\u00fajo Querido Oliveira &#8211; Coordinador del Programa de Posgrado en Administraci\u00f3n en la UNITAU &#8211; Universidade de Taubat\u00e9. Editor en Jefe de la Revista Brasileira de Gest\u00e3o e Desenvolvimento Regional \u2013 A1<br>Prof. Dr. Luciano Ferreira da Silva &#8211; Profesor en el Programa de Posgrado en Gesti\u00f3n de Proyectos (PPGP) de la Universidade Nove de Julho &#8211; UNINOVE. Editor en Jefe de la Revista de Gesti\u00f3n e Projetos \u2013 A4<\/td><\/tr><tr><td><p class=\"MsoNormal\" style=\"margin-top:6.0pt;margin-right:0cm;margin-bottom:\n  6.0pt;margin-left:0cm;line-height:normal\"><a name=\"_Hlk117403481\"><b><span style=\"font-family:&quot;Calibri&quot;,sans-serif;color:black\">16:20 a 16:30<\/span><\/b><\/a><\/p><\/td><td><p class=\"MsoNormal\" style=\"margin-top:0cm;margin-right:0cm;margin-bottom:6.0pt;\n  margin-left:0cm;line-height:normal\"><span lang=\"EN-US\" style=\"font-family:&quot;Calibri&quot;,sans-serif;\n  color:black\">Receso libre<\/span><span style=\"font-family: inherit; font-size: inherit; font-weight: inherit; color: initial;\">   <\/span><\/p><\/td><\/tr><tr><td><p class=\"MsoNormal\" style=\"margin-top:6.0pt;margin-right:0cm;margin-bottom:\n  6.0pt;margin-left:0cm;line-height:normal\"><b><span lang=\"ES-TRAD\" style=\"font-family:&quot;Calibri&quot;,sans-serif\"><strong>16:30 a 18:30<\/strong><\/span><\/b><\/p><\/td><td>   <p class=\"MsoNormal\" style=\"margin-top:6.0pt;margin-right:0cm;margin-bottom:\n  6.0pt;margin-left:0cm;text-align:justify;text-justify:inter-ideograph;\n  line-height:normal\"><b><span lang=\"ES-TRAD\" style=\"font-family:&quot;Calibri&quot;,sans-serif\"><strong>Sesiones paralelas de presentaci\u00f3n de Trabajos<\/strong><\/span><\/b><\/p>   <\/td><\/tr><tr><td><p class=\"MsoNormal\" style=\"margin-top:6.0pt;margin-right:0cm;margin-bottom:\n  6.0pt;margin-left:0cm;line-height:normal\"><b><span lang=\"ES-TRAD\" style=\"font-family:&quot;Calibri&quot;,sans-serif;color:black\"><strong><br><strong>16:30 a 18:30<\/strong><br><strong>Virtual<\/strong><\/strong><\/span><\/b><\/p><\/td><td><p class=\"MsoNormal\" style=\"margin-top:6.0pt;margin-right:0cm;margin-bottom:\n  6.0pt;margin-left:0cm;line-height:normal\"><b><span lang=\"ES-TRAD\" style=\"font-family:&quot;Calibri&quot;,sans-serif;color:black\"><strong>Paper Development Workshop (PDW): Editores de las Revistas<\/strong><\/span><\/b><\/p><p class=\"MsoNormal\" style=\"margin-top:6.0pt;margin-right:0cm;margin-bottom:\n  6.0pt;margin-left:0cm;line-height:normal\"><\/p><p class=\"MsoNormal\" style=\"margin-top:6.0pt;margin-right:0cm;margin-bottom:\n  6.0pt;margin-left:0cm;text-align:justify;text-justify:inter-ideograph;\n  line-height:normal\"><\/p>Coordinaci\u00f3n:<br>Profa. Dra. Heidy Rodriguez Ramos (Profesora del Programa de Posgrado en Administraci\u00f3n de la Universidad Nove de Julho, PPGA-UNINOVE, Profesora del Programa de Posgrado en Ciudades Inteligentes y Sostenibles de la Universidad Nove de Julho, PPGCIS-UNINOVE, y Editora de la Revista RIAE).<br>Editores invitados:<br>Prof. Dr. Edmilson de Oliveira Lima (Profesor del Programa de Posgrado en Administraci\u00f3n de la Universidad Nove de Julho, PPGA-UNINOVE, y Editor de la Revista PORIUM).<br>Profa. Dra. Cristiane Drebes Pedron (Profesora del Programa de Posgrado en Administraci\u00f3n de la Universidad Nove de Julho, PPGA-UNINOVE, Profesora del Programa de Posgrado en Gesti\u00f3n de Proyectos de la Universidad Nove de Julho, PPGP-UNINOVE, y Editora de la Revista IPTEC).<br>Prof. Dra. Priscila Rezende da Costa (Directora del Programa de Posgrado en Administraci\u00f3n de la Universidade Nove de Julho, PPGA-UNINOVE y Editora de la Revista IJI) y Profa. Dra. Isabel Cristina Scafuto (Profesora del Programa de Posgrado en Gesti\u00f3n de Proyectos de la Universidad Nove de Julho, PPGP-UNINOVE, y Coeditora de la Revista IJI).<br>Prof. Dr. Jos\u00e9 Edson Lara (Profesor del M\u00e1ster Profesional en Administraci\u00f3n de la Fundaci\u00f3n Pedro Leopoldo, Editor de la Revista Gest\u00e3o &amp; Tecnologia).<br>Prof. Dr. Julio Araujo Carneiro da Cunha (Profesor del Programa de Posgrado en Administraci\u00f3n de la Universidad Nove de Julho, PPGA-UNINOVE, y Editor de la Revista REMARK).<br>Prof. Dr. Luciano Ferreira da Silva (Profesor del Programa de Posgrado en Gesti\u00f3n de Proyectos de la Universidad Nove de Julho, PPGP-UNINOVE, y Editor de la Revista GeP).<br>Prof. Dr. Rodrigo Baroni de Carvalho (Profesor del Programa de Posgrado en Administraci\u00f3n de la PUCMinas, y editor de la Revista de Econom\u00eda Gesti\u00f3n).<\/td><\/tr><tr><td><p class=\"MsoNormal\" style=\"margin-top:6.0pt;margin-right:0cm;margin-bottom:\n  6.0pt;margin-left:0cm;line-height:normal\"><b><span lang=\"ES-TRAD\" style=\"font-family:&quot;Calibri&quot;,sans-serif\">18:30 a 18:40<\/span><\/b><\/p><\/td><td>Receso<p class=\"MsoNormal\" style=\"margin-top:6.0pt;margin-right:0cm;margin-bottom:\n  6.0pt;margin-left:0cm;line-height:normal\"><\/p><p class=\"MsoNormal\" style=\"margin-top:6.0pt;margin-right:0cm;margin-bottom:\n  6.0pt;margin-left:0cm;line-height:normal\"><\/p><\/td><\/tr><tr><td><p class=\"MsoNormal\" style=\"margin-top:6.0pt;margin-right:0cm;margin-bottom:\n  6.0pt;margin-left:0cm;line-height:normal\"><span lang=\"ES-TRAD\" style=\"\"><\/span><\/p><p class=\"MsoNormal\" style=\"margin-top:6.0pt;margin-right:0cm;margin-bottom:\n  6.0pt;margin-left:0cm;line-height:normal\"><\/p><strong style=\"color: black; font-family: Calibri, sans-serif; font-weight: bold;\"><p class=\"MsoNormal\" style=\"margin-top:6.0pt;margin-right:0cm;margin-bottom:\n  6.0pt;margin-left:0cm;line-height:normal\"><\/p>18:40<\/strong><font color=\"#000000\" face=\"Calibri, sans-serif\"><b><br><\/b><\/font><strong style=\"color: black; font-family: Calibri, sans-serif; font-weight: bold;\">Virtual<\/strong><p><\/p><\/td><td><strong>Premiaci\u00f3n de los Mejores Trabajos1 del Evento (5 categor\u00edas2)<\/strong><br><strong>Premiaci\u00f3n de las Mejores Tesis y Disertaciones1 (2 categor\u00edas2)<\/strong><br>Organizaci\u00f3n: Prof. Dr. Julio Araujo Carneiro da Cunha (Profesor del Programa de Posgrado en Administraci\u00f3n de la Universidade Nove de Julho, PPGA-UNINOVE).<p class=\"MsoNormal\" style=\"margin-top:6.0pt;margin-right:0cm;margin-bottom:\n  6.0pt;margin-left:0cm;line-height:normal\"><\/p><\/td><\/tr><\/tbody><\/table><figcaption class=\"wp-element-caption\">\u00b9<strong>Criterios adoptados para la selecci\u00f3n de los mejores trabajos del evento:<\/strong><br>calidad, claridad y redacci\u00f3n del texto; actualidad del tema del art\u00edculo; claridad en los objetivos; adecuaci\u00f3n metodol\u00f3gica; forma de presentaci\u00f3n de datos cuantitativos o cualitativos; fundamentaci\u00f3n, amplitud y precisi\u00f3n en relaci\u00f3n con los resultados obtenidos; y coherencia e integralidad de las referencias.<br>Categor\u00eda &#8216;Mejor Art\u00edculo Cient\u00edfico&#8217;, involucrando la selecci\u00f3n de los tres mejores trabajos por tema (gesti\u00f3n de proyectos, innovaci\u00f3n y emprendimiento, sostenibilidad, estrategia, marketing e industria 4.0); Categor\u00eda &#8216;Mejor Informe T\u00e9cnico&#8217;, incluyendo la selecci\u00f3n de los tres mejores trabajos por tema (gesti\u00f3n de proyectos, innovaci\u00f3n y emprendimiento, sostenibilidad, estrategia, marketing e industria 4.0); Categor\u00eda &#8216;Mejor P\u00f3ster&#8217;, involucrando la selecci\u00f3n de los tres trabajos por tema (gesti\u00f3n de proyectos, innovaci\u00f3n y emprendimiento, sostenibilidad, estrategia, marketing e industria 4.0); Categor\u00eda &#8216;Mejor Trabajo del XI SINGEP&#8217;, a trav\u00e9s de la selecci\u00f3n del mejor trabajo del evento; Y finalmente, Categor\u00eda &#8216;Distinci\u00f3n por M\u00e9rito&#8217; para los tres mejores evaluadores del evento.<br>\u00b2Criterios adoptados para la selecci\u00f3n de las mejores Tesis y Disertaciones: la originalidad del trabajo; su relevancia para el desarrollo cient\u00edfico, tecnol\u00f3gico, cultural, social e inovador: (1) Categor\u00eda &#8220;Mejor Disertaci\u00f3n&#8221;, que involucra la selecci\u00f3n de las tres mejores disertaciones por programa (PPGA y PPGP UNINOVE); (2) Categor\u00eda &#8220;Mejor Tesis&#8221;, que contempla la selecci\u00f3n de las tres mejores tesis por programa (PPGA y PPGP UNINOVE).<br>\u00b3Criterios adoptados para seleccionar las mejores Tesis y Disertaciones: originalidad del trabajo; su relevancia para el desarrollo cient\u00edfico, tecnol\u00f3gico, cultural, social y de innovaci\u00f3n.<br>\u2074(1) Categor\u00eda \u201cMejor Tesis\u201d, que implica la selecci\u00f3n de las tres mejores tesinas por programa (PPGA y PPGP UNINOVE); (2) Categor\u00eda \u201cMejor Tesis\u201d, incluyendo la selecci\u00f3n de las tres mejores tesis por programa (PPGA y PPGP UNINOVE).<br><\/figcaption><\/figure>\n\n\n\n<p><strong>3er D\u00cdA DEL EVENTO <\/strong><\/p>\n\n\n\n<figure class=\"wp-block-table is-style-stripes\"><table><thead><tr><th>Horario<\/th><th><br><strong>27 de octubre de 2022 (Viernes) \u2013 VIRTUAL<\/strong><\/th><\/tr><\/thead><tbody><tr><td><p class=\"MsoNormal\" style=\"margin-top:6.0pt;margin-right:0cm;margin-bottom:\n  6.0pt;margin-left:0cm;line-height:normal\"><b><span lang=\"ES-TRAD\" style=\"font-family:&quot;Calibri&quot;,sans-serif;color:black\"><strong> <strong>9:00 a 10:50<\/strong><br><strong>Virtual<\/strong><\/strong><\/span><\/b><\/p><\/td><td><p class=\"MsoNormal\" style=\"margin-top:6.0pt;margin-right:0cm;margin-bottom:\n  6.0pt;margin-left:0cm;text-align:justify;text-justify:inter-ideograph;\n  line-height:normal\"><b><span lang=\"ES-TRAD\" style=\"font-family:&quot;Calibri&quot;,sans-serif;\n  color:black\"><strong><strong>Workshop: \u201cEstrategia de elecci\u00f3n de revistas para env\u00edos en Administraci\u00f3n&#8221;<\/strong><\/strong><\/span><\/b><\/p>Prof. Dr. Julio Araujo Carneiro da Cunha (Profesor del PPGA-UNINOVE). <p class=\"MsoNormal\" style=\"margin-top:6.0pt;margin-right:0cm;margin-bottom:\n  6.0pt;margin-left:0cm;text-align:justify;text-justify:inter-ideograph;\n  line-height:normal\"><span style=\"font-family: inherit; font-size: inherit; font-weight: inherit; color: initial;\"><\/span><\/p><\/td><\/tr><tr><td><p class=\"MsoNormal\" style=\"margin-top:6.0pt;margin-right:0cm;margin-bottom:\n  6.0pt;margin-left:0cm;line-height:normal\"><b><span lang=\"ES-TRAD\" style=\"font-family:&quot;Calibri&quot;,sans-serif\"><strong>10:50 a 11:00<\/strong><\/span><\/b><span style=\"font-family: inherit; font-size: inherit; font-weight: inherit; background-color: transparent; color: initial;\">   <\/span><\/p><\/td><td>Receso<p class=\"MsoNormal\" style=\"margin-top:6.0pt;margin-right:0cm;margin-bottom:\n  6.0pt;margin-left:0cm;text-align:justify;text-justify:inter-ideograph;\n  line-height:normal\"><\/p><\/td><\/tr><tr><td><p class=\"MsoNormal\" style=\"margin-top:6.0pt;margin-right:0cm;margin-bottom:\n  6.0pt;margin-left:0cm;line-height:normal\"><b><span lang=\"ES-TRAD\" style=\"font-family:&quot;Calibri&quot;,sans-serif\"><strong>11:00 a 12:50 &#8211; Virtual<\/strong><\/span><\/b><\/p><\/td><td><p class=\"MsoNormal\" style=\"margin-top:6.0pt;margin-right:0cm;margin-bottom:\n  6.0pt;margin-left:0cm;text-align:justify;text-justify:inter-ideograph;\n  line-height:normal\"><span style=\"font-family: inherit; font-size: inherit; font-weight: inherit; color: initial;\"><strong>Workshop: \u201cNeurociencia en investigaciones cient\u00edficas en Gesti\u00f3n&#8221;<\/strong><\/span><\/p>Profa. Dra. Helena Belintani Shigaki (Profesora del Centro Universitario Unihorizontes).   <\/td><\/tr><tr><td><p class=\"MsoNormal\" style=\"margin-top:6.0pt;margin-right:0cm;margin-bottom:\n  6.0pt;margin-left:0cm;line-height:normal\"><b><span lang=\"ES-TRAD\" style=\"font-family:&quot;Calibri&quot;,sans-serif;color:black\">12:50 a 14:00<\/span><\/b><\/p><\/td><td>Receso<\/td><\/tr><tr><td><p class=\"MsoNormal\" style=\"margin-top:6.0pt;margin-right:0cm;margin-bottom:\n  6.0pt;margin-left:0cm;line-height:normal\"><b><span lang=\"ES-TRAD\" style=\"font-family:&quot;Calibri&quot;,sans-serif\"><strong>14:00 a 15:50 &#8211; Virtual<\/strong><\/span><\/b><\/p><\/td><td><strong>Workshop: \u201cGesti\u00f3n de Proyectos Sociales y sus impactos en la sociedad&#8221;<\/strong><br>Odair Lima (Director de Proyectos Sociales del PMI-SP, Mentor de Startups y OSCs).<br>S\u00e9rgio Martins (CEO de la Casa Cultural Dona Ant\u00f4nia, l\u00edder del Polo MG\/ES de formaci\u00f3n de l\u00edderes sociales de la Falcons University).<\/td><\/tr><tr><td> <b style=\"font-size: revert; font-family: inherit; background-color: transparent; color: initial;\"><span lang=\"ES-TRAD\" style=\"font-family: Calibri, sans-serif;\">15:50 a 16:00<\/span><\/b>   <\/td><td>      Receso    <\/td><\/tr><tr><td><p class=\"MsoNormal\" style=\"margin-top:6.0pt;margin-right:0cm;margin-bottom:\n  6.0pt;margin-left:0cm;line-height:normal\"><b><span lang=\"ES-TRAD\" style=\"font-family:&quot;Calibri&quot;,sans-serif\"><strong>16:00 a 17:50 &#8211; Virtual<\/strong><\/span><\/b><span style=\"font-family: inherit; font-size: inherit; font-weight: inherit; color: initial;\">   <\/span><\/p><\/td><td><strong>Workshop: \u201cUso de Inteligencia Artificial en investigaciones cient\u00edficas en Gesti\u00f3n&#8221;<\/strong><br>Prof. Dr. Ricardo Limongi (Profesor del PPGADM\/UFG y PPGADM\/UFU)<br>Prof. Dr. Leonardo Vils (Profesor del PPGP-UNINOVE).<\/td><\/tr><tr><td><strong>17:50 a 18:00<\/strong><\/td><td>Receso<\/td><\/tr><tr><td><strong>18:00 &#8211; Virtual<\/strong><\/td><td><strong>Cierre del XI SINGEP-CIK<\/strong><\/td><\/tr><\/tbody><\/table><\/figure>\n","protected":false},"excerpt":{"rendered":"<p>* Hora de Bras\u00edlia (Brasil) 1er D\u00cdA DEL EVENTO Horario* 25 de octubre de 2023 (Mi\u00e9rcoles) \u2013 PRESENCIAL \u2013 UNINOVE (S\u00e3o Paulo)Lugar: Campus Vergueiro de la UNINOVE (Auditorio del primer piso), Rua Vergueiro, 235\/249 &#8211; Liberdade, S\u00e3o Paulo &#8211; SP. 9:00 a 10:00 Acreditaci\u00f3n XI SINGEP-CIKCoffee de recibimiento 10:00 a 10:15 Solemnidad de Apertura Prof. [&hellip;]<\/p>\n","protected":false},"author":1,"featured_media":0,"parent":0,"menu_order":0,"comment_status":"closed","ping_status":"open","template":"","meta":{"footnotes":""},"class_list":["post-5719","page","type-page","status-publish","hentry"],"_links":{"self":[{"href":"https:\/\/singep.org.br\/11\/wp-json\/wp\/v2\/pages\/5719","targetHints":{"allow":["GET"]}}],"collection":[{"href":"https:\/\/singep.org.br\/11\/wp-json\/wp\/v2\/pages"}],"about":[{"href":"https:\/\/singep.org.br\/11\/wp-json\/wp\/v2\/types\/page"}],"author":[{"embeddable":true,"href":"https:\/\/singep.org.br\/11\/wp-json\/wp\/v2\/users\/1"}],"replies":[{"embeddable":true,"href":"https:\/\/singep.org.br\/11\/wp-json\/wp\/v2\/comments?post=5719"}],"version-history":[{"count":25,"href":"https:\/\/singep.org.br\/11\/wp-json\/wp\/v2\/pages\/5719\/revisions"}],"predecessor-version":[{"id":8781,"href":"https:\/\/singep.org.br\/11\/wp-json\/wp\/v2\/pages\/5719\/revisions\/8781"}],"wp:attachment":[{"href":"https:\/\/singep.org.br\/11\/wp-json\/wp\/v2\/media?parent=5719"}],"curies":[{"name":"wp","href":"https:\/\/api.w.org\/{rel}","templated":true}]}}