{"id":5719,"date":"2018-06-30T15:36:21","date_gmt":"2018-06-30T18:36:21","guid":{"rendered":"http:\/\/singep.org.br\/10\/?page_id=5719"},"modified":"2022-11-20T11:34:39","modified_gmt":"2022-11-20T14:34:39","slug":"programacion","status":"publish","type":"page","link":"https:\/\/singep.org.br\/10\/programacion\/?lang=es","title":{"rendered":"PROGRAMACI\u00d3N PRELIMINAR X SINGEP-CIK"},"content":{"rendered":"\n<div class=\"wp-block-buttons is-layout-flex wp-block-buttons-is-layout-flex\">\n<div class=\"wp-block-button\"><a class=\"wp-block-button__link wp-element-button\" href=\"https:\/\/singep.org.br\/10\/wp-content\/uploads\/sites\/9\/2022\/10\/Programacao-Completa-Singep-v2.pdf\" style=\"border-radius:0px\" target=\"_blank\" rel=\"noreferrer noopener\">Calendario detallado de presentaci\u00f3n de trabajos<\/a><\/div>\n<\/div>\n\n\n\n<p class=\"has-black-color has-text-color\">* <strong>Hora de Bras\u00edlia (Brasil)<\/strong><\/p>\n\n\n\n<p class=\"is-style-stripes\"><strong>1er D\u00cdA DEL EVENTO<\/strong><\/p>\n\n\n\n<figure class=\"wp-block-table is-style-stripes\"><table><thead><tr><th>Horario*<\/th><th>26 de octubre de 2022 (Mi\u00e9rcoles)<\/th><\/tr><\/thead><tbody><tr><td>\n  <p class=\"MsoNormal\" style=\"margin-top:6.0pt;margin-right:0cm;margin-bottom:\n  6.0pt;margin-left:0cm;line-height:normal\"><b><span lang=\"ES-TRAD\" style=\"font-family:&quot;Calibri&quot;,sans-serif;color:black\">9h30<\/span><\/b><\/p>\n  <\/td><td>\n  <p class=\"MsoNormal\" style=\"margin-top:6.0pt;margin-right:0cm;margin-bottom:\n  6.0pt;margin-left:0cm;line-height:normal\"><b><span lang=\"ES-TRAD\" style=\"font-family:&quot;Calibri&quot;,sans-serif;color:black\">Acreditaci\u00f3n online \u2013 X SINGEP-CIK<\/span><\/b><\/p>\n  <\/td><\/tr><tr><td>\n  <p class=\"MsoNormal\" style=\"margin-top:6.0pt;margin-right:0cm;margin-bottom:\n  6.0pt;margin-left:0cm;line-height:normal\"><b><span lang=\"ES-TRAD\" style=\"font-family:&quot;Calibri&quot;,sans-serif\">10h \u2013 10h15<\/span><\/b><\/p>\n  <\/td><td>\n  <p class=\"MsoNormal\" style=\"margin-top:6.0pt;margin-right:0cm;margin-bottom:\n  6.0pt;margin-left:0cm;text-align:justify;text-justify:inter-ideograph;\n  line-height:normal\"><b><span lang=\"ES-TRAD\" style=\"font-family:&quot;Calibri&quot;,sans-serif\">Solemnidad\n  de Apertura<\/span><\/b><\/p>\n  <p class=\"MsoNormal\" style=\"margin-top:6.0pt;margin-right:0cm;margin-bottom:\n  6.0pt;margin-left:0cm;text-align:justify;text-justify:inter-ideograph;\n  line-height:normal\"><span lang=\"ES-TRAD\" style=\"font-family:&quot;Calibri&quot;,sans-serif\">Prof.\n  Eduardo Storopoli \/ Profa. Maria Cristina Storopoli (Rectoria\/Pr\u00f3-Rectoria de\n  la Universidad Nove de Julho)<\/span><\/p>\n  <p class=\"MsoNormal\" style=\"margin-top:6.0pt;margin-right:0cm;margin-bottom:\n  6.0pt;margin-left:0cm;text-align:justify;text-justify:inter-ideograph;\n  line-height:normal\"><span lang=\"ES-TRAD\" style=\"font-family:&quot;Calibri&quot;,sans-serif\">Prof.\n  Dr. Nader Asgary (Profesor da Bentley University \u2013 EUA, Director del CIK \u2013\n  Cyrus Institute of Knowledge, y Presidente de la Comisi\u00f3n Organizadora de la 10\u00aa\n  Conferencia Internacional del CIK).<\/span><\/p>\n  <p class=\"MsoNormal\" style=\"margin-top:6.0pt;margin-right:0cm;margin-bottom:\n  6.0pt;margin-left:0cm;text-align:justify;text-justify:inter-ideograph;\n  line-height:normal\"><span lang=\"ES-TRAD\" style=\"font-family:&quot;Calibri&quot;,sans-serif\">Profa.\n  Dra. Cristina Dai Pr\u00e1 Martens (Directora del Programa de <\/span><span lang=\"ES\" style=\"font-family:&quot;Calibri&quot;,sans-serif\">Posgrado<\/span><span lang=\"ES-TRAD\" style=\"font-family:&quot;Calibri&quot;,sans-serif\"> en Gesti\u00f3n de Proyectos\n  de la Universidad Nove de Julho, PPGP-UNINOVE, y Presidente de la Comisi\u00f3n\n  Organizadora del X SINGEP).<\/span><\/p>\n  <p class=\"MsoNormal\" style=\"margin-top:6.0pt;margin-right:0cm;margin-bottom:\n  6.0pt;margin-left:0cm;text-align:justify;text-justify:inter-ideograph;\n  line-height:normal\"><span lang=\"ES-TRAD\" style=\"font-family:&quot;Calibri&quot;,sans-serif\">Profa.\n  Dra. Priscila Rezende da Costa (<\/span><span lang=\"ES\" style=\"font-family:&quot;Calibri&quot;,sans-serif\">Directora\n  del Programa de Posgrado en Administraci\u00f3n de la Universidad Nove de Julho,\n  PPGA-UNINOVE).<\/span><\/p>\n  <\/td><\/tr><tr><td>\n  <p class=\"MsoNormal\" style=\"margin-top:6.0pt;margin-right:0cm;margin-bottom:\n  6.0pt;margin-left:0cm;line-height:normal\"><b><span lang=\"ES-TRAD\" style=\"font-family:&quot;Calibri&quot;,sans-serif;color:black\">10h15 \u2013 11h40<\/span><\/b><\/p>\n  <\/td><td>\n  <p class=\"MsoNormal\" style=\"margin-top:6.0pt;margin-right:0cm;margin-bottom:\n  6.0pt;margin-left:0cm;text-align:justify;text-justify:inter-ideograph;\n  line-height:normal\"><b><span lang=\"ES-TRAD\" style=\"font-family:&quot;Calibri&quot;,sans-serif;\n  color:black\">Plenaria de apertura: Emprendimiento Innovador y Sustentabilidad\n  para el Combate al Cambio Clim\u00e1tico<\/span><\/b><\/p>\n  <p class=\"MsoNormal\" style=\"margin-top:6.0pt;margin-right:0cm;margin-bottom:\n  6.0pt;margin-left:0cm;text-align:justify;text-justify:inter-ideograph;\n  line-height:normal\"><span lang=\"ES-TRAD\" style=\"font-family:&quot;Calibri&quot;,sans-serif;\n  color:black\">Conferencistas: <b>Prof. Dr. Eusebio Scornavacca<\/b> (School for\n  the Future of Innovation in Society, College of Global Futures, and\n  Thunderbird School of Global Management at Arizona State University \u2013 EUA), <b>Prof.\n  Dr. Ernesto D. R. Santibanez Gonzalez<\/b> (Universidad de Talca \u2013 Chile) y <\/span><b><span lang=\"EN-US\" style=\"font-family:&quot;Calibri&quot;,sans-serif;color:black\">Prof. Dr.\n  Barrak Alahmad<\/span><\/b><span lang=\"EN-US\" style=\"font-family:&quot;Calibri&quot;,sans-serif;\n  color:black\"> (Research Fellow &#8211; Exposure, Epidemiology &amp; Risk (EER)\n  Program Environmental Health Department, T.H. Chan School of Public Health &#8211;\n  Harvard University \u2013 USA).<\/span><\/p>\n  <p class=\"MsoNormal\" style=\"margin-top:6.0pt;margin-right:0cm;margin-bottom:\n  6.0pt;margin-left:0cm;text-align:justify;text-justify:inter-ideograph;\n  line-height:normal\"><span lang=\"ES-TRAD\" style=\"font-family:&quot;Calibri&quot;,sans-serif;\n  color:black\">Moderadora: Prof. Dra. Priscila Rezende da Costa (Directora del\n  Programa de <\/span><span lang=\"ES\" style=\"font-family:&quot;Calibri&quot;,sans-serif;\n  color:black\">Posgrado<\/span><span lang=\"ES-TRAD\" style=\"font-family:&quot;Calibri&quot;,sans-serif;\n  color:black\"> en Administraci\u00f3n de la Universidad Nove de Julho,\n  PPGA-UNINOVE).<\/span><\/p>\n  <p class=\"MsoNormal\" style=\"margin-top:6.0pt;margin-right:0cm;margin-bottom:\n  6.0pt;margin-left:0cm;text-align:justify;text-justify:inter-ideograph;\n  line-height:normal\"><span lang=\"ES-TRAD\" style=\"font-family:&quot;Calibri&quot;,sans-serif;\n  color:black\">Debatedor: Profa. Dra. Cl\u00e1udia Terezinha Kniess (Profesora en la\n  UNIFESP y en el Programa de Pos-graduaci\u00f3n en Ingenier\u00eda Civil de la USJT. Investigadora\n  Colaboradora en el Centro de S\u00edntesis Ciudades Globales &#8211; Instituto de Estudios\n  Avanzados de la USP).<\/span><\/p>\n  <\/td><\/tr><tr><td>\n  <p class=\"MsoNormal\" style=\"margin-top:6.0pt;margin-right:0cm;margin-bottom:\n  6.0pt;margin-left:0cm;line-height:normal\"><b><span lang=\"ES-TRAD\" style=\"font-family:&quot;Calibri&quot;,sans-serif\">11h40 \u2013 12h<\/span><\/b><\/p>\n  <\/td><td>\n  <p class=\"MsoNormal\" style=\"margin-top:6.0pt;margin-right:0cm;margin-bottom:\n  6.0pt;margin-left:0cm;line-height:normal\"><b><span lang=\"ES-TRAD\" style=\"font-family:&quot;Calibri&quot;,sans-serif\">Intervalo \/ Networking<\/span><\/b><\/p>\n  <\/td><\/tr><tr><td>\n  <p class=\"MsoNormal\" style=\"margin-top:6.0pt;margin-right:0cm;margin-bottom:\n  6.0pt;margin-left:0cm;line-height:normal\"><b><span lang=\"ES-TRAD\" style=\"font-family:&quot;Calibri&quot;,sans-serif;color:black\">12h \u2013 13h30<\/span><\/b><\/p>\n  <\/td><td>\n  <p class=\"MsoNormal\" style=\"margin-top:6.0pt;margin-right:0cm;margin-bottom:\n  6.0pt;margin-left:0cm;line-height:normal\"><b><span lang=\"ES-TRAD\" style=\"font-family:&quot;Calibri&quot;,sans-serif;color:black\">Sesiones paralelas de\n  presentaci\u00f3n de posters<\/span><\/b><\/p>\n  <\/td><\/tr><tr><td>\n  <p class=\"MsoNormal\" style=\"margin-top:6.0pt;margin-right:0cm;margin-bottom:\n  6.0pt;margin-left:0cm;line-height:normal\"><b><span lang=\"ES-TRAD\" style=\"font-family:&quot;Calibri&quot;,sans-serif\">12h \u2013 13h30<\/span><\/b><\/p>\n  <\/td><td>   <p class=\"MsoNormal\" style=\"margin-top:6.0pt;margin-right:0cm;margin-bottom:\n  6.0pt;margin-left:0cm;text-align:justify;text-justify:inter-ideograph;\n  line-height:normal\"><b><span lang=\"ES-TRAD\" style=\"font-family:&quot;Calibri&quot;,sans-serif\">Encuentro   de Editores y Autores: Mejores pr\u00e1cticas para la diseminaci\u00f3n de los   resultados de las investigaciones acad\u00e9micas para profesionales practicantes<\/span><\/b><\/p>   <p class=\"MsoNormal\" style=\"margin-top:6.0pt;margin-right:0cm;margin-bottom:\n  6.0pt;margin-left:0cm;text-align:justify;text-justify:inter-ideograph;\n  line-height:normal\"><span lang=\"ES-TRAD\" style=\"font-family:&quot;Calibri&quot;,sans-serif\">Organizaci\u00f3n:   Profa. Dra. Cristiane Drebes Pedron (<\/span><span lang=\"ES-TRAD\" style=\"font-family:&quot;Calibri&quot;,sans-serif\">Programa de <\/span><span lang=\"ES\" style=\"font-family:&quot;Calibri&quot;,sans-serif\">Posgrado<\/span><span lang=\"ES\" style=\"font-family:&quot;Calibri&quot;,sans-serif\"> <\/span><span lang=\"ES-TRAD\" style=\"font-family:&quot;Calibri&quot;,sans-serif\">en Gesti\u00f3n de Proyectos de la   Universidad Nove de Julho &#8211; PPGP-UNINOVE, y Programa de <\/span><span lang=\"ES\" style=\"font-family:&quot;Calibri&quot;,sans-serif\">Posgrado<\/span><span lang=\"ES-TRAD\" style=\"font-family:&quot;Calibri&quot;,sans-serif\"> en Administraci\u00f3n de la Universidad   Nove<\/span><span lang=\"ES-TRAD\" style=\"font-family:&quot;Calibri&quot;,sans-serif\"> de   Julho, PPGA-UNINOVE, Editora-Adjunta de la Revista IPTEC).<\/span><\/p>   <p class=\"MsoNormal\" style=\"margin-top:6.0pt;margin-right:0cm;margin-bottom:\n  6.0pt;margin-left:0cm;text-align:justify;text-justify:inter-ideograph;\n  line-height:normal\"><span lang=\"ES-TRAD\" style=\"font-family:&quot;Calibri&quot;,sans-serif\">Editores   invitados:<\/span><\/p>   <p class=\"MsoNormal\" style=\"margin-top:6.0pt;margin-right:0cm;margin-bottom:\n  6.0pt;margin-left:0cm;text-align:justify;text-justify:inter-ideograph;\n  line-height:normal\"><span lang=\"ES-TRAD\" style=\"font-family:&quot;Calibri&quot;,sans-serif\">Gustavo   da Silva Motta (Profesor de la UFF &#8211; Universidad Federal Fluminense)<\/span><\/p>   <p class=\"MsoNormal\" style=\"margin-top:6.0pt;margin-right:0cm;margin-bottom:\n  6.0pt;margin-left:0cm;text-align:justify;text-justify:inter-ideograph;\n  line-height:normal\"><span lang=\"ES-TRAD\" style=\"font-family:&quot;Calibri&quot;,sans-serif\">Talles   Vianna Brugni (Profesor de la Fucape Business School)<\/span><\/p><p class=\"MsoNormal\" style=\"margin-top:6.0pt;margin-right:0cm;margin-bottom:\n  6.0pt;margin-left:0cm;line-height:normal\">   <p class=\"MsoNormal\" style=\"margin-top:6.0pt;margin-right:0cm;margin-bottom:\n  6.0pt;margin-left:0cm;text-align:justify;text-justify:inter-ideograph;\n  line-height:normal\"><span lang=\"EN-US\" style=\"font-family:&quot;Calibri&quot;,sans-serif\">Prof.   Dr. Dina Frutos-Bencze (Saint Anselm College, Manchester, NH, USA)<\/span><\/p>   <\/td><\/tr><tr><td>\n  <p class=\"MsoNormal\" style=\"margin-top:6.0pt;margin-right:0cm;margin-bottom:\n  6.0pt;margin-left:0cm;line-height:normal\"><b><span lang=\"ES-TRAD\" style=\"font-family:&quot;Calibri&quot;,sans-serif;color:black\">13h30 \u2013 14h30<\/span><\/b><\/p>\n  <\/td><td>\n  <p class=\"MsoNormal\" style=\"margin-top:6.0pt;margin-right:0cm;margin-bottom:\n  6.0pt;margin-left:0cm;line-height:normal\"><b><span lang=\"ES-TRAD\" style=\"font-family:&quot;Calibri&quot;,sans-serif;color:black\">Intervalo libre<\/span><\/b><\/p>\n  <\/td><\/tr><tr><td>\n  <p class=\"MsoNormal\" style=\"margin-top:6.0pt;margin-right:0cm;margin-bottom:\n  6.0pt;margin-left:0cm;line-height:normal\"><b><span lang=\"ES-TRAD\" style=\"font-family:&quot;Calibri&quot;,sans-serif\">14h30 \u2013 16h30<\/span><\/b><\/p>\n  <\/td><td>\n  <p class=\"MsoNormal\" style=\"margin-top:6.0pt;margin-right:0cm;margin-bottom:\n  6.0pt;margin-left:0cm;line-height:normal\"><b><span lang=\"ES-TRAD\" style=\"font-family:&quot;Calibri&quot;,sans-serif\">Sesiones paralelas de presentaci\u00f3n de\n  trabajos<\/span><\/b><\/p>\n  <\/td><\/tr><tr><td>\n  <p class=\"MsoNormal\" style=\"margin-top:6.0pt;margin-right:0cm;margin-bottom:\n  6.0pt;margin-left:0cm;line-height:normal\"><a name=\"_Hlk71195693\"><b><span lang=\"ES-TRAD\" style=\"font-family:&quot;Calibri&quot;,sans-serif;color:black\">14h30 \u2013\n  16h30<\/span><\/b><\/a><\/p>\n  <\/td><td>\n  <p class=\"MsoNormal\" style=\"margin-top:6.0pt;margin-right:0cm;margin-bottom:\n  6.0pt;margin-left:0cm;line-height:normal\"><span lang=\"EN-US\" style=\"font-size:\n  11.0pt;font-family:&quot;Calibri&quot;,sans-serif;color:#1481AB\">1:30 \u2013 3:30 PM,<\/span><b><span lang=\"EN-US\" style=\"font-family:&quot;Calibri&quot;,sans-serif;color:black\"> <\/span><\/b><span lang=\"EN-US\" style=\"font-size:11.0pt;font-family:&quot;Calibri&quot;,sans-serif;\n  color:#1481AB\">EST\/<u>Boston Time<\/u><\/span><\/p>\n  <p class=\"MsoNormal\" style=\"margin-top:6.0pt;margin-right:0cm;margin-bottom:\n  6.0pt;margin-left:0cm;line-height:normal\"><b><span lang=\"EN-US\" style=\"font-family:&quot;Calibri&quot;,sans-serif;color:black\">Plen\u00e1ria CIK: Higher\n  Education Strategies, Internationalization of Education for Post Covid Era<\/span><\/b><span lang=\"EN-US\" style=\"font-family:&quot;Calibri&quot;,sans-serif;color:black\"> <\/span><\/p>\n  <p class=\"MsoNormal\" style=\"margin-top:6.0pt;margin-right:0cm;margin-bottom:\n  6.0pt;margin-left:0cm;line-height:normal\"><span lang=\"EN-US\" style=\"font-family:\n  &quot;Calibri&quot;,sans-serif;color:black\">Introduction by: Nader Asgary, President of\n  CIK and Professor at Bentley University, MA, USA <\/span><\/p>\n  <p class=\"MsoNormal\" style=\"margin-top:6.0pt;margin-right:0cm;margin-bottom:\n  6.0pt;margin-left:0cm;line-height:normal\"><span lang=\"EN-US\" style=\"font-family:\n  &quot;Calibri&quot;,sans-serif;color:black\">Thami Ghorfi, President of ESCA University,\n  Casablanca, Morocco<\/span><\/p>\n  <p class=\"MsoNormal\" style=\"margin-top:6.0pt;margin-right:0cm;margin-bottom:\n  6.0pt;margin-left:0cm;line-height:normal\"><span lang=\"EN-US\" style=\"font-family:\n  &quot;Calibri&quot;,sans-serif;color:black\">Emerson Maccari, professor of Management, Nove\n  de Julho University<\/span><\/p>\n  <p class=\"MsoNormal\" style=\"margin-top:6.0pt;margin-right:0cm;margin-bottom:\n  6.0pt;margin-left:0cm;line-height:normal\"><span lang=\"EN-US\" style=\"font-family:\n  &quot;Calibri&quot;,sans-serif;color:black\">Hamid Farooqi, former Canceler of Kabul\n  University, Afghanistan<\/span><\/p>\n  <p class=\"MsoNormal\" style=\"margin-top:6.0pt;margin-right:0cm;margin-bottom:\n  6.0pt;margin-left:0cm;line-height:normal\"><span style=\"font-family:&quot;Calibri&quot;,sans-serif;\n  color:black\">Helo\u00edsa Hollnagel former, Former, International Relations\n  Director &#8211;&nbsp; CAPES, Brazil<\/span><\/p>\n  <p class=\"MsoNormal\" style=\"margin-top:6.0pt;margin-right:0cm;margin-bottom:\n  6.0pt;margin-left:0cm;line-height:normal\"><span style=\"font-family:&quot;Calibri&quot;,sans-serif;\n  color:black\">Ricardo Bueno, Federal University of S\u00e3o Paulo \u2013 UNIFESP, Brazil<\/span><\/p>\n  <p class=\"MsoNormal\" style=\"margin-top:6.0pt;margin-right:0cm;margin-bottom:\n  6.0pt;margin-left:0cm;line-height:normal\"><span style=\"font-family:&quot;Calibri&quot;,sans-serif;\n  color:black\">Joseph Weiss and Nader Asgary, Bentley University, Waltham MA,\n  USA<\/span><\/p>\n  <\/td><\/tr><tr><td>\n  <p class=\"MsoNormal\" style=\"margin-top:6.0pt;margin-right:0cm;margin-bottom:\n  6.0pt;margin-left:0cm;line-height:normal\"><b><span lang=\"ES-TRAD\" style=\"font-family:&quot;Calibri&quot;,sans-serif\">16h30 \u2013 16h45<\/span><\/b><\/p>\n  <\/td><td>\n  <p class=\"MsoNormal\" style=\"margin-top:6.0pt;margin-right:0cm;margin-bottom:\n  6.0pt;margin-left:0cm;line-height:normal\"><b><span lang=\"ES-TRAD\" style=\"font-family:&quot;Calibri&quot;,sans-serif\">Intervalo \/ Networking<\/span><\/b><\/p>\n  <\/td><\/tr><tr><td>\n  <p class=\"MsoNormal\" style=\"margin-top:6.0pt;margin-right:0cm;margin-bottom:\n  6.0pt;margin-left:0cm;line-height:normal\"><b><span lang=\"ES-TRAD\" style=\"font-family:&quot;Calibri&quot;,sans-serif;color:black\">16h45 \u2013 18h45<\/span><\/b><\/p>\n  <\/td><td>\n  <p class=\"MsoNormal\" style=\"margin-top:6.0pt;margin-right:0cm;margin-bottom:\n  6.0pt;margin-left:0cm;line-height:normal\"><b><span lang=\"ES-TRAD\" style=\"font-family:&quot;Calibri&quot;,sans-serif;color:black\">Sesiones paralelas de\n  presentaci\u00f3n de trabajos<\/span><\/b><\/p>\n  <\/td><\/tr><\/tbody><\/table><\/figure>\n\n\n\n<p><strong>2do D\u00cdA DEL EVENTO<\/strong><\/p>\n\n\n\n<figure class=\"wp-block-table is-style-stripes\"><table><thead><tr><th>Horario<\/th><th><strong>27 de octubre de 2022 (Jueves)<\/strong><\/th><\/tr><\/thead><tbody><tr><td>\n  <p class=\"MsoNormal\" style=\"margin-top:6.0pt;margin-right:0cm;margin-bottom:\n  6.0pt;margin-left:0cm;line-height:normal\"><b><span lang=\"ES-TRAD\" style=\"font-family:&quot;Calibri&quot;,sans-serif;color:black\">9h30<\/span><\/b><\/p>\n  <\/td><td>\n  <p class=\"MsoNormal\" style=\"margin-top:6.0pt;margin-right:0cm;margin-bottom:\n  6.0pt;margin-left:0cm;line-height:normal\"><b><span lang=\"ES-TRAD\" style=\"font-family:&quot;Calibri&quot;,sans-serif;color:black\">Acreditaci\u00f3n online \u2013\n  SINGEP-CIK <\/span><\/b><\/p>\n  <\/td><\/tr><tr><td>\n  <p class=\"MsoNormal\" style=\"margin-top:6.0pt;margin-right:0cm;margin-bottom:\n  6.0pt;margin-left:0cm;line-height:normal\"><b><span lang=\"ES-TRAD\" style=\"font-family:&quot;Calibri&quot;,sans-serif\">10h \u2013 11h45<\/span><\/b><\/p>\n  <\/td><td>\n  <p class=\"MsoNormal\" style=\"margin-top:6.0pt;margin-right:0cm;margin-bottom:\n  6.0pt;margin-left:0cm;text-align:justify;text-justify:inter-ideograph;\n  line-height:normal\"><b><span lang=\"ES-TRAD\" style=\"font-family:&quot;Calibri&quot;,sans-serif\">Panel\n  SINGEP: Pr\u00e1cticas de Innovaci\u00f3n y Sustentabilidad en la Gesti\u00f3n de Proyectos\n  en PyMEs<\/span><\/b><\/p>\n  <p class=\"MsoNormal\" style=\"margin-top:6.0pt;margin-right:0cm;margin-bottom:\n  6.0pt;margin-left:0cm;text-align:justify;text-justify:inter-ideograph;\n  line-height:normal\"><span lang=\"ES-TRAD\" style=\"font-family:&quot;Calibri&quot;,sans-serif\">Panelistas:\n  <\/span><b><span lang=\"ES-TRAD\" style=\"font-family:&quot;Calibri&quot;,sans-serif\">Profa.\n  Dra. Anabela Pereira Tereso<\/span><\/b><span lang=\"ES-TRAD\" style=\"font-family:\n  &quot;Calibri&quot;,sans-serif\"> (Coordinadora del Observatorio Portugu\u00e9s de Gesti\u00f3n de\n  Proyectos, Universidade do Minho) y <\/span><b><span lang=\"ES-TRAD\" style=\"font-family:&quot;Calibri&quot;,sans-serif\">Prof. Dr. Jairo Cardoso de Oliveira<\/span><\/b><span lang=\"ES-TRAD\" style=\"font-family:&quot;Calibri&quot;,sans-serif\"> (Head of Project Management\n  Office &#8211; SPI Integraci\u00f3n de Sistemas y Director T\u00e9cnico de Certificaciones\n  del IPMA-BR).<\/span><\/p>\n  <p class=\"MsoNormal\" style=\"margin-top:6.0pt;margin-right:0cm;margin-bottom:\n  6.0pt;margin-left:0cm;text-align:justify;text-justify:inter-ideograph;\n  line-height:normal\"><span lang=\"ES-TRAD\" style=\"font-family:&quot;Calibri&quot;,sans-serif\">Moderador:\n  <\/span><span lang=\"ES-TRAD\" style=\"font-family:&quot;Calibri&quot;,sans-serif\">Profa.\n  Dra. Cristina Dai Pr\u00e1 Martens (Programa de <\/span><span lang=\"ES\" style=\"font-family:&quot;Calibri&quot;,sans-serif\">Posgrado<\/span><span lang=\"ES\" style=\"font-family:&quot;Calibri&quot;,sans-serif\"> <\/span><span lang=\"ES-TRAD\" style=\"font-family:&quot;Calibri&quot;,sans-serif\">en Gesti\u00f3n de Proyectos de la\n  Universidad Nove de Julho &#8211; PPGP-UNINOVE, y Programa de <\/span><span lang=\"ES\" style=\"font-family:&quot;Calibri&quot;,sans-serif\">Posgrado<\/span><span lang=\"ES-TRAD\" style=\"font-family:&quot;Calibri&quot;,sans-serif\"> en Administraci\u00f3n de la Universidad\n  Nove<\/span><span lang=\"ES-TRAD\" style=\"font-family:&quot;Calibri&quot;,sans-serif\"> de\n  Julho, PPGA-UNINOVE).<\/span><\/p>\n  <p class=\"MsoNormal\" style=\"margin-top:6.0pt;margin-right:0cm;margin-bottom:\n  6.0pt;margin-left:0cm;text-align:justify;text-justify:inter-ideograph;\n  line-height:normal\"><span lang=\"ES-TRAD\" style=\"font-family:&quot;Calibri&quot;,sans-serif\">Debatedor:\n  Prof. Dr. Isabel Cristina Scafuto (Profesor del Programa de <\/span><span lang=\"ES\" style=\"font-family:&quot;Calibri&quot;,sans-serif\">Posgrado<\/span><span lang=\"ES-TRAD\" style=\"font-family:&quot;Calibri&quot;,sans-serif\"> en Gesti\u00f3n de Proyectos\n  de la Universidad Nove de Julho, PPGP-UNINOVE).<\/span><\/p>\n  <\/td><\/tr><tr><td>\n  <p class=\"MsoNormal\" style=\"margin-top:6.0pt;margin-right:0cm;margin-bottom:\n  6.0pt;margin-left:0cm;line-height:normal\"><b><span lang=\"ES-TRAD\" style=\"font-family:&quot;Calibri&quot;,sans-serif;color:black\">10h \u2013 11h45<\/span><\/b><\/p>\n  <\/td><td>\n  <p class=\"MsoNormal\" style=\"margin-top:6.0pt;margin-right:0cm;margin-bottom:\n  6.0pt;margin-left:0cm;line-height:normal\"><span lang=\"EN-US\" style=\"font-size:\n  11.0pt;font-family:&quot;Calibri&quot;,sans-serif;color:#1481AB\">9:00 \u2013 10:45 PM, EST\/Boston\n  Time<\/span><\/p>\n  <p class=\"MsoNormal\" style=\"margin-top:6.0pt;margin-right:0cm;margin-bottom:\n  6.0pt;margin-left:0cm;line-height:normal\"><b><span lang=\"EN-US\" style=\"font-family:&quot;Calibri&quot;,sans-serif;color:black\">Plen\u00e1ria CIK: Afghanistan\n  past, presention, and the future: a conversation&nbsp; <\/span><\/b><\/p>\n  <p class=\"MsoNormal\" style=\"margin-top:6.0pt;margin-right:0cm;margin-bottom:\n  6.0pt;margin-left:0cm;line-height:normal\"><span lang=\"EN-US\" style=\"font-family:\n  &quot;Calibri&quot;,sans-serif;color:black\">Introduction by: Robert E. McNulty,\n  Executive Director of Applied Ethics, Inc. and the Pax Populi Peace Program&nbsp; <\/span><\/p>\n  <p class=\"MsoNormal\" style=\"margin-top:6.0pt;margin-right:0cm;margin-bottom:\n  6.0pt;margin-left:0cm;line-height:normal\"><span lang=\"EN-US\" style=\"font-family:\n  &quot;Calibri&quot;,sans-serif;color:black\">Tom Barfield: Professor and Chair of the\n  Anthropology Department, Boston University, and President of the American\n  Institute for Afghan Studies.&nbsp; <\/span><\/p>\n  <p class=\"MsoNormal\" style=\"margin-top:6.0pt;margin-right:0cm;margin-bottom:\n  6.0pt;margin-left:0cm;line-height:normal\"><span lang=\"EN-US\" style=\"font-family:\n  &quot;Calibri&quot;,sans-serif;color:black\">Hamidullah Farooqi: Chancellor of Kabul\n  University and Minister for Transportation and Civil Aviation and Minister of\n  Martyrs and Disabled Affairs for Afghanistan.<\/span><\/p>\n  <p class=\"MsoNormal\" style=\"margin-top:6.0pt;margin-right:0cm;margin-bottom:\n  6.0pt;margin-left:0cm;line-height:normal\"><span lang=\"EN-US\" style=\"font-family:\n  &quot;Calibri&quot;,sans-serif;color:black\">Islam Iqbal: Afghan Social Entrepreneur who\n  Led the Kabul Educational Advisory Center (KEAC). He is Also a Member of the\n  World Economic Forum\u2019s Global Shapers Community. <\/span><\/p>\n  <p class=\"MsoNormal\" style=\"margin-top:6.0pt;margin-right:0cm;margin-bottom:\n  6.0pt;margin-left:0cm;text-align:justify;text-justify:inter-ideograph;\n  line-height:normal\"><span lang=\"EN-US\" style=\"font-family:&quot;Calibri&quot;,sans-serif;\n  color:black\">\u201cZ\u201d: A Nonprofit Leader: She Resides in Afghanistan. Z is well\n  Acquainted about Women Living Conditions Under the Taliban Regime.<\/span><\/p>\n  <\/td><\/tr><tr><td>\n  <p class=\"MsoNormal\" style=\"margin-top:6.0pt;margin-right:0cm;margin-bottom:\n  6.0pt;margin-left:0cm;line-height:normal\"><b><span lang=\"ES-TRAD\" style=\"font-family:&quot;Calibri&quot;,sans-serif\">11h45 \u2013 12h<\/span><\/b><\/p>\n  <\/td><td>\n  <p class=\"MsoNormal\" style=\"margin-top:6.0pt;margin-right:0cm;margin-bottom:\n  6.0pt;margin-left:0cm;text-align:justify;text-justify:inter-ideograph;\n  line-height:normal\"><b><span lang=\"ES-TRAD\" style=\"font-family:&quot;Calibri&quot;,sans-serif\">Intervalo\n  \/ Networking<\/span><\/b><\/p>\n  <\/td><\/tr><tr><td>\n  <p class=\"MsoNormal\" style=\"margin-top:6.0pt;margin-right:0cm;margin-bottom:\n  6.0pt;margin-left:0cm;line-height:normal\"><b><span lang=\"ES-TRAD\" style=\"font-family:&quot;Calibri&quot;,sans-serif;color:black\">12h \u2013 14h<\/span><\/b><\/p>\n  <\/td><td>\n  <p class=\"MsoNormal\" style=\"margin-top:6.0pt;margin-right:0cm;margin-bottom:\n  6.0pt;margin-left:0cm;text-align:justify;text-justify:inter-ideograph;\n  line-height:normal\"><b><span lang=\"ES-TRAD\" style=\"font-family:&quot;Calibri&quot;,sans-serif;\n  color:black\">Sesiones paralelas de presentaci\u00f3n de trabajos<\/span><\/b><\/p>\n  <\/td><\/tr><tr><td>\n  <p class=\"MsoNormal\" style=\"margin-top:6.0pt;margin-right:0cm;margin-bottom:\n  6.0pt;margin-left:0cm;line-height:normal\"><b><span lang=\"ES-TRAD\" style=\"font-family:&quot;Calibri&quot;,sans-serif\">12h \u2013 14h<\/span><\/b><\/p>\n  <\/td><td>\n  <p class=\"MsoNormal\" style=\"margin-top:6.0pt;margin-right:0cm;margin-bottom:\n  6.0pt;margin-left:0cm;text-align:justify;text-justify:inter-ideograph;\n  line-height:normal\"><b><span lang=\"ES-TRAD\" style=\"font-family:&quot;Calibri&quot;,sans-serif\">Paper\n  Development Workshop (PDW): Editores de las revistas<\/span><\/b><\/p>\n  <p class=\"MsoNormal\" style=\"margin-top:6.0pt;margin-right:0cm;margin-bottom:\n  6.0pt;margin-left:0cm;text-align:justify;text-justify:inter-ideograph;\n  line-height:normal\"><span lang=\"ES-TRAD\" style=\"font-family:&quot;Calibri&quot;,sans-serif\">Coordinaci\u00f3n:\n  Profa. Dra. Heidy Rodriguez Ramos (<\/span><span lang=\"ES-TRAD\" style=\"font-family:&quot;Calibri&quot;,sans-serif\">Profesora del Programa de <\/span><span lang=\"ES\" style=\"font-family:&quot;Calibri&quot;,sans-serif\">Posgrado<\/span><span lang=\"ES\" style=\"font-family:&quot;Calibri&quot;,sans-serif\"> <\/span><span lang=\"ES-TRAD\" style=\"font-family:&quot;Calibri&quot;,sans-serif\">en Administraci\u00f3n, PPGA-UNINOVE y\n  del Programa de <\/span><span lang=\"ES\" style=\"font-family:&quot;Calibri&quot;,sans-serif\">Posgrado<\/span><span lang=\"ES\" style=\"font-family:&quot;Calibri&quot;,sans-serif\"> <\/span><span lang=\"ES-TRAD\" style=\"font-family:&quot;Calibri&quot;,sans-serif\">en Ciudades Inteligentes y\n  Sustentables, PPG-CIS, UNINOVE).<\/span><\/p>\n  <\/td><\/tr><tr><td>\n  <p class=\"MsoNormal\" style=\"margin-top:6.0pt;margin-right:0cm;margin-bottom:\n  6.0pt;margin-left:0cm;line-height:normal\"><a name=\"_Hlk117403481\"><b><span style=\"font-family:&quot;Calibri&quot;,sans-serif;color:black\">12 pm \u2013 2 pm<\/span><\/b><\/a><\/p>\n  <\/td><td>\n  <p class=\"MsoNormal\" style=\"margin-top:6.0pt;margin-right:0cm;margin-bottom:\n  6.0pt;margin-left:0cm;line-height:normal\"><span lang=\"EN-US\" style=\"font-size:\n  11.0pt;font-family:&quot;Calibri&quot;,sans-serif;color:#1481AB\">11:00 \u2013 1:00 PM,\n  EST\/Boston Time<\/span><\/p>\n  <p class=\"MsoNormal\" style=\"margin-top:6.0pt;margin-right:0cm;margin-bottom:\n  6.0pt;margin-left:0cm;line-height:normal\"><b><span lang=\"EN-US\" style=\"font-family:&quot;Calibri&quot;,sans-serif;color:black\">Plen\u00e1ria CIK: History of\n  women\u2019s rights and progress in Iran<\/span><\/b><\/p>\n  <p class=\"MsoNormal\" style=\"margin-top:6.0pt;margin-right:0cm;margin-bottom:\n  6.0pt;margin-left:0cm;line-height:normal\"><span lang=\"EN-US\" style=\"font-family:\n  &quot;Calibri&quot;,sans-serif;color:black\">Introduction by: Joseph Weiss, Bentley\n  University, MA, USA&nbsp; <\/span><\/p>\n  <p class=\"MsoNormal\" style=\"margin-top:6.0pt;margin-right:0cm;margin-bottom:\n  0cm;margin-left:0cm;line-height:normal\"><span lang=\"EN-US\" style=\"font-family:\n  &quot;Calibri&quot;,sans-serif;color:black\">PROGRESS THROUGH NONVIOLENCE <\/span><\/p>\n  <p class=\"MsoNormal\" style=\"margin-top:0cm;margin-right:0cm;margin-bottom:6.0pt;\n  margin-left:0cm;line-height:normal\"><span lang=\"EN-US\" style=\"font-family:&quot;Calibri&quot;,sans-serif;\n  color:black\">Reza F. Saidi, MD, FICS, FACS, SUNY Upstate Medical University,\n  NY, USA<\/span><\/p>\n  <p class=\"MsoNormal\" style=\"margin-top:6.0pt;margin-right:0cm;margin-bottom:\n  0cm;margin-left:0cm;line-height:normal\"><span lang=\"EN-US\" style=\"font-family:\n  &quot;Calibri&quot;,sans-serif;color:black\">WOMAN, LIFE AND FREEDOM: FOUR DECADES OF\n  WOMEN&#8217;S SELF-EMPOWERMENT AND STATE REPRESSION IN IRAN<\/span><\/p>\n  <p class=\"MsoNormal\" style=\"margin-top:0cm;margin-right:0cm;margin-bottom:6.0pt;\n  margin-left:0cm;line-height:normal\"><span lang=\"EN-US\" style=\"font-family:&quot;Calibri&quot;,sans-serif;\n  color:black\">Farzin Vahdat, Research Associate at Vassar College, Poughkeepsie,\n  NY, USA<\/span><\/p>\n  <p class=\"MsoNormal\" style=\"margin-top:6.0pt;margin-right:0cm;margin-bottom:\n  0cm;margin-left:0cm;line-height:normal\"><span lang=\"EN-US\" style=\"font-family:\n  &quot;Calibri&quot;,sans-serif;color:black\">FROM SEXUAL POLITICS TO STREET POLITICS:\n  IRAN\u2019S PROTESTS IN CONTEXT<\/span><\/p>\n  <p class=\"MsoNormal\" style=\"margin-top:0cm;margin-right:0cm;margin-bottom:6.0pt;\n  margin-left:0cm;line-height:normal\"><span lang=\"EN-US\" style=\"font-family:&quot;Calibri&quot;,sans-serif;\n  color:black\">Pardis Mahdavi, Provost and Executive Vice President at the\n  University of Montana, MT, USA<\/span><\/p>\n  <\/td><\/tr><tr><td>\n  <p class=\"MsoNormal\" style=\"margin-top:6.0pt;margin-right:0cm;margin-bottom:\n  6.0pt;margin-left:0cm;line-height:normal\"><b><span lang=\"ES-TRAD\" style=\"font-family:&quot;Calibri&quot;,sans-serif\">14h \u2013 15h<\/span><\/b><\/p>\n  <\/td><td>\n  <p class=\"MsoNormal\" style=\"margin-top:6.0pt;margin-right:0cm;margin-bottom:\n  6.0pt;margin-left:0cm;text-align:justify;text-justify:inter-ideograph;\n  line-height:normal\"><b><span lang=\"ES-TRAD\" style=\"font-family:&quot;Calibri&quot;,sans-serif\">Intervalo\n  libre<\/span><\/b><\/p>\n  <\/td><\/tr><tr><td>\n  <p class=\"MsoNormal\" style=\"margin-top:6.0pt;margin-right:0cm;margin-bottom:\n  6.0pt;margin-left:0cm;line-height:normal\"><b><span lang=\"ES-TRAD\" style=\"font-family:&quot;Calibri&quot;,sans-serif;color:black\">15h \u2013 17h<\/span><\/b><\/p>\n  <\/td><td>\n  <p class=\"MsoNormal\" style=\"margin-top:6.0pt;margin-right:0cm;margin-bottom:\n  6.0pt;margin-left:0cm;line-height:normal\"><b><span lang=\"ES-TRAD\" style=\"font-family:&quot;Calibri&quot;,sans-serif;color:black\">Consorcio Doctoral\n  Internacional <\/span><\/b><\/p>\n  <p class=\"MsoNormal\" style=\"margin-top:6.0pt;margin-right:0cm;margin-bottom:\n  6.0pt;margin-left:0cm;text-align:justify;text-justify:inter-ideograph;\n  line-height:normal\"><span lang=\"ES-TRAD\" style=\"font-family:&quot;Calibri&quot;,sans-serif;\n  color:black\">Coordinaci\u00f3n nacional: Prof. Dr. Emerson Antonio Maccari (Profesor\n  del Programa de <\/span><span lang=\"ES\" style=\"font-family:&quot;Calibri&quot;,sans-serif;\n  color:black\">Posgrado<\/span><span lang=\"ES\" style=\"font-family:&quot;Calibri&quot;,sans-serif;\n  color:black\"> <\/span><span lang=\"ES-TRAD\" style=\"font-family:&quot;Calibri&quot;,sans-serif;\n  color:black\">en Administraci\u00f3n &#8211; PPGA-UNINOVE, y Profesor del Programa de <\/span><span lang=\"ES\" style=\"font-family:&quot;Calibri&quot;,sans-serif;color:black\">Posgrado<\/span><span lang=\"ES-TRAD\" style=\"font-family:&quot;Calibri&quot;,sans-serif;color:black\"> en Gesti\u00f3n\n  de Proyectos &#8211; PPGP-UNINOVE).<\/span><\/p>\n  <p class=\"MsoNormal\" style=\"margin-top:6.0pt;margin-right:0cm;margin-bottom:\n  6.0pt;margin-left:0cm;text-align:justify;text-justify:inter-ideograph;\n  line-height:normal\"><span lang=\"ES-TRAD\" style=\"font-family:&quot;Calibri&quot;,sans-serif;\n  color:black\">Coordinaci\u00f3n extranjera: Prof. Dr. Nader Asgary (Profesor de la\n  Bentley University \u2013 EUA, Director del CIK \u2013 Cyrus Institute of Knowledge, y\n  Presidente de la Comisi\u00f3n Organizadora del X International Conference Cyrus).<\/span><\/p>\n  <p class=\"MsoNormal\" style=\"margin-top:6.0pt;margin-right:0cm;margin-bottom:\n  6.0pt;margin-left:0cm;line-height:normal\"><span lang=\"EN-US\" style=\"font-family:\n  &quot;Calibri&quot;,sans-serif;color:black\">Examination board:<\/span><\/p>\n  <p class=\"MsoNormal\" style=\"margin-top:6.0pt;margin-right:0cm;margin-bottom:\n  6.0pt;margin-left:0cm;line-height:normal\"><span lang=\"EN-US\" style=\"font-family:\n  &quot;Calibri&quot;,sans-serif;color:black\">Leonel Cezar Rodrigues \u2013 Araraquara\n  University \u2013 Brazil <\/span><\/p>\n  <p class=\"MsoNormal\" style=\"margin-top:6.0pt;margin-right:0cm;margin-bottom:\n  6.0pt;margin-left:0cm;line-height:normal\"><span lang=\"EN-US\" style=\"font-family:\n  &quot;Calibri&quot;,sans-serif;color:black\">Alf Walle, Cyrus Institute of Knowledge,\n  Cambridge MA USA <\/span><\/p>\n  <p class=\"MsoNormal\" style=\"margin-top:6.0pt;margin-right:0cm;margin-bottom:\n  6.0pt;margin-left:0cm;text-align:justify;text-justify:inter-ideograph;\n  line-height:normal\"><span lang=\"EN-US\" style=\"font-family:&quot;Calibri&quot;,sans-serif;\n  color:black\">Ahmad Etebari, University of New Hampshire, NH, USA<\/span><\/p>\n  <\/td><\/tr><tr><td>\n  <p class=\"MsoNormal\" style=\"margin-top:6.0pt;margin-right:0cm;margin-bottom:\n  6.0pt;margin-left:0cm;line-height:normal\"><b><span lang=\"ES-TRAD\" style=\"font-family:&quot;Calibri&quot;,sans-serif\">16h30 \u2013 18h30<\/span><\/b><\/p>\n  <\/td><td>\n  <p class=\"MsoNormal\" style=\"margin-top:6.0pt;margin-right:0cm;margin-bottom:\n  6.0pt;margin-left:0cm;line-height:normal\"><b><span lang=\"ES-TRAD\" style=\"font-family:&quot;Calibri&quot;,sans-serif\">Sesiones paralelas de presentaci\u00f3n\n  de trabajos<\/span><\/b><\/p>\n  <\/td><\/tr><tr><td>\n  <p class=\"MsoNormal\" style=\"margin-top:6.0pt;margin-right:0cm;margin-bottom:\n  6.0pt;margin-left:0cm;line-height:normal\"><a name=\"_Hlk84513668\"><b><span lang=\"ES-TRAD\" style=\"font-family:&quot;Calibri&quot;,sans-serif;color:black\">17h15 \u2013\n  18h30 <\/span><\/b><\/a><\/p>\n  <\/td><td>\n  <p class=\"MsoNormal\" style=\"margin-top:6.0pt;margin-right:0cm;margin-bottom:\n  6.0pt;margin-left:0cm;line-height:normal\"><span lang=\"EN-US\" style=\"font-size:\n  11.0pt;font-family:&quot;Calibri&quot;,sans-serif;color:#1481AB\">4:15 \u2013 5:30 PM, EST\/<u>Boston\n  Time<\/u>&nbsp; <\/span><\/p>\n  <p class=\"MsoNormal\" style=\"margin-top:6.0pt;margin-right:0cm;margin-bottom:\n  6.0pt;margin-left:0cm;line-height:normal\"><b><span lang=\"EN-US\" style=\"font-family:&quot;Calibri&quot;,sans-serif;color:black\">Plen\u00e1ria CIK: Exploring\n  grants, sharing experiences, building networks<\/span><\/b><\/p>\n  <p class=\"MsoNormal\" style=\"margin-top:6.0pt;margin-right:0cm;margin-bottom:\n  6.0pt;margin-left:0cm;line-height:normal\"><span lang=\"EN-US\" style=\"font-family:\n  &quot;Calibri&quot;,sans-serif;color:black\">Session Chair: Nader Asgary, President of\n  CIK and Professor at Bentley University, USA<\/span><\/p>\n  <p class=\"MsoNormal\" style=\"margin-top:6.0pt;margin-right:0cm;margin-bottom:\n  6.0pt;margin-left:0cm;line-height:normal\"><span lang=\"EN-US\" style=\"font-family:\n  &quot;Calibri&quot;,sans-serif;color:black\">Kayhan Tajeddini, Sheffield Hallam\n  University, UK <\/span><\/p>\n  <p class=\"MsoNormal\" style=\"margin-top:6.0pt;margin-right:0cm;margin-bottom:\n  6.0pt;margin-left:0cm;line-height:normal\"><span lang=\"EN-US\" style=\"font-family:\n  &quot;Calibri&quot;,sans-serif;color:black\">Emerson Maccari, University of Nine July,\n  Brazil and Former General Coordinator for International Scholarship \u2013 CAPES,\n  Ministry of Education, Brazil <\/span><\/p>\n  <p class=\"MsoNormal\" style=\"margin-top:6.0pt;margin-right:0cm;margin-bottom:\n  6.0pt;margin-left:0cm;line-height:normal\"><span lang=\"EN-US\" style=\"font-family:\n  &quot;Calibri&quot;,sans-serif;color:black\">Fadwa Chaker, School of Management, ESCA\n  Ecole de Management, Morocco&nbsp; <\/span><\/p>\n  <p class=\"MsoNormal\" style=\"margin-top:6.0pt;margin-right:0cm;margin-bottom:\n  6.0pt;margin-left:0cm;line-height:normal\"><span style=\"font-family:&quot;Calibri&quot;,sans-serif;\n  color:black\">Ricardo Bueno, Federal University of S\u00e3o Paulo \u2013 UNIFESP, Brazil\n  <\/span><\/p>\n  <p class=\"MsoNormal\" style=\"margin-top:6.0pt;margin-right:0cm;margin-bottom:\n  6.0pt;margin-left:0cm;line-height:normal\"><span lang=\"EN-US\" style=\"font-family:\n  &quot;Calibri&quot;,sans-serif;color:black\">Hossein Varamini, Elizabethtown College,\n  PA, USA<\/span><\/p>\n  <\/td><\/tr><tr><td>\n  <p class=\"MsoNormal\" style=\"margin-top:6.0pt;margin-right:0cm;margin-bottom:\n  6.0pt;margin-left:0cm;line-height:normal\"><b><span lang=\"ES-TRAD\" style=\"font-family:&quot;Calibri&quot;,sans-serif\">18h30 \u2013 18h45<\/span><\/b><\/p>\n  <\/td><td>\n  <p class=\"MsoNormal\" style=\"margin-top:6.0pt;margin-right:0cm;margin-bottom:\n  6.0pt;margin-left:0cm;line-height:normal\"><b><span lang=\"ES-TRAD\" style=\"font-family:&quot;Calibri&quot;,sans-serif\">Intervalo \/ Networking<\/span><\/b><\/p>\n  <\/td><\/tr><tr><td>\n  <p class=\"MsoNormal\" style=\"margin-top:6.0pt;margin-right:0cm;margin-bottom:\n  6.0pt;margin-left:0cm;line-height:normal\"><b><span lang=\"ES-TRAD\" style=\"font-family:&quot;Calibri&quot;,sans-serif;color:black\">18h45<\/span><\/b><\/p>\n  <\/td><td>\n  <p class=\"MsoNormal\" style=\"margin-top:6.0pt;margin-right:0cm;margin-bottom:\n  6.0pt;margin-left:0cm;line-height:normal;text-autospace:none\"><b><span lang=\"ES-TRAD\" style=\"font-family:&quot;Calibri&quot;,sans-serif;color:black\">Ceremonia\n  de Premiaci\u00f3n: <\/span><\/b><\/p>\n  <p class=\"MsoNormal\" style=\"margin-top:6.0pt;margin-right:0cm;margin-bottom:\n  6.0pt;margin-left:0cm;line-height:normal;text-autospace:none\"><b><span lang=\"ES-TRAD\" style=\"font-family:&quot;Calibri&quot;,sans-serif;color:black\">Premiaci\u00f3n\n  de los Mejores Trabajos<\/span><\/b><a href=\"#_ftn1\" name=\"_ftnref1\" title=\"\"><span class=\"MsoFootnoteReference\"><b><span lang=\"ES-TRAD\" style=\"font-family:&quot;Calibri&quot;,sans-serif;\n  color:black\"><span class=\"MsoFootnoteReference\"><b><span lang=\"ES-TRAD\" style=\"font-size:10.0pt;line-height:115%;font-family:&quot;Calibri&quot;,sans-serif;\n  color:black\">[1]<\/span><\/b><\/span><\/span><\/b><\/span><\/a><b><span lang=\"ES-TRAD\" style=\"font-family:&quot;Calibri&quot;,sans-serif;color:black\"> del Evento\n  (5 categor\u00edas<\/span><\/b><a href=\"#_ftn2\" name=\"_ftnref2\" title=\"\"><span class=\"MsoFootnoteReference\"><b><span lang=\"ES-TRAD\" style=\"font-family:&quot;Calibri&quot;,sans-serif;\n  color:black\"><span class=\"MsoFootnoteReference\"><b><span lang=\"ES-TRAD\" style=\"font-size:10.0pt;line-height:115%;font-family:&quot;Calibri&quot;,sans-serif;\n  color:black\">[2]<\/span><\/b><\/span><\/span><\/b><\/span><\/a><b><span lang=\"ES-TRAD\" style=\"font-family:&quot;Calibri&quot;,sans-serif;color:black\">)<\/span><\/b><\/p>\n  <p class=\"MsoNormal\" style=\"margin-top:6.0pt;margin-right:0cm;margin-bottom:\n  6.0pt;margin-left:0cm;line-height:normal\"><b><span lang=\"ES-TRAD\" style=\"font-family:&quot;Calibri&quot;,sans-serif;color:black\">Premiaci\u00f3n de las\n  Mejores Tesis y Disertaciones<\/span><\/b><a href=\"#_ftn3\" name=\"_ftnref3\" title=\"\"><span class=\"MsoFootnoteReference\"><b><span lang=\"ES-TRAD\" style=\"font-family:&quot;Calibri&quot;,sans-serif;color:black\"><span class=\"MsoFootnoteReference\"><b><span lang=\"ES-TRAD\" style=\"font-size:10.0pt;\n  line-height:115%;font-family:&quot;Calibri&quot;,sans-serif;color:black\">[3]<\/span><\/b><\/span><\/span><\/b><\/span><\/a><b><span lang=\"ES-TRAD\" style=\"font-family:&quot;Calibri&quot;,sans-serif;color:black\"> (2\n  categor\u00edas<\/span><\/b><a href=\"#_ftn4\" name=\"_ftnref4\" title=\"\"><span class=\"MsoFootnoteReference\"><b><span lang=\"ES-TRAD\" style=\"font-family:&quot;Calibri&quot;,sans-serif;\n  color:black\"><span class=\"MsoFootnoteReference\"><b><span lang=\"ES-TRAD\" style=\"font-size:10.0pt;line-height:115%;font-family:&quot;Calibri&quot;,sans-serif;\n  color:black\">[4]<\/span><\/b><\/span><\/span><\/b><\/span><\/a><b><span lang=\"ES-TRAD\" style=\"font-family:&quot;Calibri&quot;,sans-serif;color:black\">)<\/span><\/b><\/p>\n  <p class=\"MsoNormal\" style=\"margin-top:6.0pt;margin-right:0cm;margin-bottom:\n  6.0pt;margin-left:0cm;text-align:justify;text-justify:inter-ideograph;\n  line-height:normal\"><span lang=\"ES-TRAD\" style=\"font-family:&quot;Calibri&quot;,sans-serif;\n  color:black\">Organizaci\u00f3n: Prof. Dr. Julio Araujo Carneiro da Cunha (Profesor\n  del Programa de <\/span><span lang=\"ES\" style=\"font-family:&quot;Calibri&quot;,sans-serif;\n  color:black\">Posgrado<\/span><span lang=\"ES-TRAD\" style=\"font-family:&quot;Calibri&quot;,sans-serif;\n  color:black\"> en Administraci\u00f3n de la Universidad Nove<\/span><span lang=\"ES-TRAD\" style=\"font-family:&quot;Calibri&quot;,sans-serif;color:black\"> de Julho,\n  PPGA-UNINOVE).<\/span><\/p>\n  <\/td><\/tr><\/tbody><\/table><\/figure>\n\n\n\n<p><strong>3er D\u00cdA DEL EVENTO <\/strong><\/p>\n\n\n\n<figure class=\"wp-block-table is-style-stripes\"><table><thead><tr><th>Horario<\/th><th>28 de octubre de 2022 (Viernes)<\/th><\/tr><\/thead><tbody><tr><td>\n  <p class=\"MsoNormal\" style=\"margin-top:6.0pt;margin-right:0cm;margin-bottom:\n  6.0pt;margin-left:0cm;line-height:normal\"><b><span lang=\"ES-TRAD\" style=\"font-family:&quot;Calibri&quot;,sans-serif;color:black\">9h \u00e0s 10h45<\/span><\/b><\/p>\n  <\/td><td>\n  <p class=\"MsoNormal\" style=\"margin-top:6.0pt;margin-right:0cm;margin-bottom:\n  6.0pt;margin-left:0cm;text-align:justify;text-justify:inter-ideograph;\n  line-height:normal\"><b><span lang=\"ES-TRAD\" style=\"font-family:&quot;Calibri&quot;,sans-serif;\n  color:black\">Workshop: \u201cProceso de investigaci\u00f3n cualitativa: de la\n  entrevista al an\u00e1lisis de datos\u201d<\/span><\/b><\/p>\n  <p class=\"MsoNormal\" style=\"margin-top:6.0pt;margin-right:0cm;margin-bottom:\n  6.0pt;margin-left:0cm;text-align:justify;text-justify:inter-ideograph;\n  line-height:normal\"><span lang=\"ES-TRAD\" style=\"font-family:&quot;Calibri&quot;,sans-serif;\n  color:black\">Prof. Dr. <\/span><span lang=\"ES-TRAD\" style=\"font-family:&quot;Calibri&quot;,sans-serif;\n  color:black\">Luciano Ferreira da Silva (Profesor en la Universidad Nove de\n  Julho, PPGP-UNINOVE)<\/span><\/p>\n  <\/td><\/tr><tr><td>\n  <p class=\"MsoNormal\" style=\"margin-top:6.0pt;margin-right:0cm;margin-bottom:\n  6.0pt;margin-left:0cm;line-height:normal\"><b><span lang=\"ES-TRAD\" style=\"font-family:&quot;Calibri&quot;,sans-serif\">10h45 \u2013 11h<\/span><\/b><\/p>\n  <\/td><td>\n  <p class=\"MsoNormal\" style=\"margin-top:6.0pt;margin-right:0cm;margin-bottom:\n  6.0pt;margin-left:0cm;text-align:justify;text-justify:inter-ideograph;\n  line-height:normal\"><b><span lang=\"ES-TRAD\" style=\"font-family:&quot;Calibri&quot;,sans-serif\">Intervalo\n  \/ Networking<\/span><\/b><\/p>\n  <\/td><\/tr><tr><td>\n  <p class=\"MsoNormal\" style=\"margin-top:6.0pt;margin-right:0cm;margin-bottom:\n  6.0pt;margin-left:0cm;line-height:normal\"><b><span lang=\"ES-TRAD\" style=\"font-family:&quot;Calibri&quot;,sans-serif;color:black\">11h \u2013 12h45<\/span><\/b><\/p>\n  <\/td><td>\n  <p class=\"MsoNormal\" style=\"margin-top:6.0pt;margin-right:0cm;margin-bottom:\n  6.0pt;margin-left:0cm;text-align:justify;text-justify:inter-ideograph;\n  line-height:normal\"><b><span lang=\"ES-TRAD\" style=\"font-family:&quot;Calibri&quot;,sans-serif;\n  color:black\">Workshop: \u201cAn\u00e1lisis de ecuaciones estructurales usando SMART\n  PLS\u201d<\/span><\/b><\/p>\n  <p class=\"MsoNormal\" style=\"margin-top:6.0pt;margin-right:0cm;margin-bottom:\n  6.0pt;margin-left:0cm;text-align:justify;text-justify:inter-ideograph;\n  line-height:normal\"><span lang=\"ES-TRAD\" style=\"font-family:&quot;Calibri&quot;,sans-serif;\n  color:black\">Prof. Dr. Dirceu da Silva (Profesor en la Universidad Estadual\n  de Campinas &#8211; UNICAMP)<\/span><\/p>\n  <\/td><\/tr><tr><td>   <p class=\"MsoNormal\" style=\"margin-top:6.0pt;margin-right:0cm;margin-bottom:\n  6.0pt;margin-left:0cm;line-height:normal\"><b><span lang=\"ES-TRAD\" style=\"font-family:&quot;Calibri&quot;,sans-serif\">12h45 \u00e0s 14h <\/span><\/b><\/p>   <\/td><td>\n  <p class=\"MsoNormal\" style=\"margin-top:6.0pt;margin-right:0cm;margin-bottom:\n  6.0pt;margin-left:0cm;text-align:justify;text-justify:inter-ideograph;\n  line-height:normal\"><b><span lang=\"ES-TRAD\" style=\"font-family:&quot;Calibri&quot;,sans-serif\">Intervalo\n  libre<\/span><\/b><\/p>\n  <\/td><\/tr><tr><td>\n  <p class=\"MsoNormal\" style=\"margin-top:6.0pt;margin-right:0cm;margin-bottom:\n  6.0pt;margin-left:0cm;line-height:normal\"><b><span lang=\"ES-TRAD\" style=\"font-family:&quot;Calibri&quot;,sans-serif;color:black\">14h \u00e0s 15h45<\/span><\/b><\/p>\n  <\/td><td>\n  <p class=\"MsoNormal\" style=\"margin-top:6.0pt;margin-right:0cm;margin-bottom:\n  6.0pt;margin-left:0cm;text-align:justify;text-justify:inter-ideograph;\n  line-height:normal\"><b><span lang=\"ES-TRAD\" style=\"font-family:&quot;Calibri&quot;,sans-serif;\n  color:black\">Workshop: \u201cDesarrollo de escalas\u201d<\/span><\/b><\/p>\n  <p class=\"MsoNormal\" style=\"margin-top:6.0pt;margin-right:0cm;margin-bottom:\n  6.0pt;margin-left:0cm;text-align:justify;text-justify:inter-ideograph;\n  line-height:normal\"><span lang=\"ES-TRAD\" style=\"font-family:&quot;Calibri&quot;,sans-serif;\n  color:black\">Prof. Dr. Marcelo Luiz Dias da Silva Gabriel (Profesor en la ESPM\n  &#8211; Escola Superior de Propaganda e Marketing)<\/span><\/p>\n  <\/td><\/tr><tr><td>\n  <p class=\"MsoNormal\" style=\"margin-top:6.0pt;margin-right:0cm;margin-bottom:\n  6.0pt;margin-left:0cm;line-height:normal\"><b><span lang=\"ES-TRAD\" style=\"font-family:&quot;Calibri&quot;,sans-serif\">15h45 \u00e0s 16h<\/span><\/b><\/p>\n  <\/td><td>\n  <p class=\"MsoNormal\" style=\"margin-top:6.0pt;margin-right:0cm;margin-bottom:\n  6.0pt;margin-left:0cm;text-align:justify;text-justify:inter-ideograph;\n  line-height:normal\"><b><span lang=\"ES-TRAD\" style=\"font-family:&quot;Calibri&quot;,sans-serif\">Intervalo\n  \/ Networking<\/span><\/b><\/p>\n  <\/td><\/tr><tr><td>\n  <p class=\"MsoNormal\" style=\"margin-top:6.0pt;margin-right:0cm;margin-bottom:\n  6.0pt;margin-left:0cm;line-height:normal\"><b><span lang=\"ES-TRAD\" style=\"font-family:&quot;Calibri&quot;,sans-serif;color:black\">16h \u00e0s 17h45<\/span><\/b><\/p>\n  <\/td><td>\n  <p class=\"MsoNormal\" style=\"margin-top:6.0pt;margin-right:0cm;margin-bottom:\n  6.0pt;margin-left:0cm;text-align:justify;text-justify:inter-ideograph;\n  line-height:normal\"><b><span lang=\"ES-TRAD\" style=\"font-family:&quot;Calibri&quot;,sans-serif;\n  color:black\">Workshop: \u201cModelos de mediaci\u00f3n y moderaci\u00f3n usando Process\u201d<\/span><\/b><\/p>\n  <p class=\"MsoNormal\" style=\"margin-top:6.0pt;margin-right:0cm;margin-bottom:\n  6.0pt;margin-left:0cm;text-align:justify;text-justify:inter-ideograph;\n  line-height:normal\"><span lang=\"ES-TRAD\" style=\"font-family:&quot;Calibri&quot;,sans-serif;\n  color:black\">Prof. Dr.<\/span><b><span lang=\"ES-TRAD\" style=\"font-family:&quot;Calibri&quot;,sans-serif;\n  color:black\"> <\/span><\/b><span lang=\"ES-TRAD\" style=\"font-family:&quot;Calibri&quot;,sans-serif;\n  color:black\">Fl\u00e1vio Santino Bizarrias (<\/span><span lang=\"ES-TRAD\" style=\"font-family:&quot;Calibri&quot;,sans-serif;color:black\">Profesor en la Universidad\n  Nove de Julho, PPGP-UNINOVE) y Prof. Dr. Leonardo Vils (Profesor PPGP-UNINOVE,\n  Universidad Nove de Julho, PPGP-UNINOVE).<\/span><\/p>\n  <\/td><\/tr><tr><td>\n  <p class=\"MsoNormal\" style=\"margin-top:6.0pt;margin-right:0cm;margin-bottom:\n  6.0pt;margin-left:0cm;line-height:normal\"><b><span lang=\"ES-TRAD\" style=\"font-family:&quot;Calibri&quot;,sans-serif\">17h45<\/span><\/b><\/p>\n  <\/td><td>\n  <p class=\"MsoNormal\" style=\"margin-top:6.0pt;margin-right:0cm;margin-bottom:\n  6.0pt;margin-left:0cm;line-height:normal\"><b><span lang=\"ES-TRAD\" style=\"font-family:&quot;Calibri&quot;,sans-serif\">Clausura del X SINGEP-CIK<\/span><\/b><\/p>\n  <\/td><\/tr><\/tbody><\/table><\/figure>\n\n\n\n<p><a href=\"#_ftnref1\" name=\"_ftn1\">[1]<\/a>Criterios adoptados para la selecci\u00f3n de los mejores trabajos del evento: calidad, claridad y redacci\u00f3n del texto; actualidad del tema del trabajo; claridad en los objetivos; adecuaci\u00f3n metodol\u00f3gica; forma de presentaci\u00f3n de los datos cuantitativos o cualitativos; base, amplitud y correcci\u00f3n basada en los resultados obtenidos; y consistencia y amplitud de las referencias.&nbsp;<\/p>\n\n\n\n<p><a href=\"#_ftnref2\" name=\"_ftn2\">[2]<\/a>(1) Categor\u00eda &#8220;Mejor art\u00edculo Cient\u00edfico&#8221;, involucrando la indicaci\u00f3n de los tres mejores trabajos por divisi\u00f3n (Estrategia; Gesti\u00f3n de Proyectos; Industria 4.0; Innovaci\u00f3n y Emprendimiento; Marketing; Sustentabilidad), siendo dos menciones honrosas y un trabajo escogido como el mejor de la divisi\u00f3n; (2) Categor\u00eda &#8220;Mejor Relato T\u00e9cnico&#8221;, contemplando la indicaci\u00f3n de dos menciones honrosas y la selecci\u00f3n del mejor relato t\u00e9cnico del evento; (3) Categor\u00eda &#8220;Mejor Poster&#8221;, involucrando el destaque para los tres mejores posters presentados en el evento y la selecci\u00f3n del mejor poster del evento; (4) Categor\u00eda &#8220;Mejor Trabajo del X SINGEP&#8221;, mediante la selecci\u00f3n del mejor trabajo general del evento; (5) Categor\u00eda &#8220;Evaluador Destacado&#8221; para los tres mejores evaluadores de cada una de las seis divisiones del evento&#8221;.<\/p>\n\n\n\n<p><a href=\"#_ftnref3\" name=\"_ftn3\">[3]<\/a>Criterios adoptados para la selecci\u00f3n de las mejores Tesis e Disertaciones: la originalidad del trabajo; su relevancia para el desarrollo cient\u00edfico, tecnol\u00f3gico, cultural, social y de innovaci\u00f3n.<\/p>\n\n\n\n<p><a href=\"#_ftnref4\" name=\"_ftn4\">[4]<\/a>(1) Categor\u00eda \u201cMejor Disertaci\u00f3n\u201d, abarcando la selecci\u00f3n de las tres mejores disertaciones por programa (PPGA e PPGP);<\/p>\n\n\n\n<p>(2) Categor\u00eda \u201cMejor Tesis\u201d, contemplando la selecci\u00f3n de las tres mejores tesis por programa (PPGA e PPGP).<\/p>\n","protected":false},"excerpt":{"rendered":"<p>* Hora de Bras\u00edlia (Brasil) 1er D\u00cdA DEL EVENTO Horario* 26 de octubre de 2022 (Mi\u00e9rcoles) 9h30 Acreditaci\u00f3n online \u2013 X SINGEP-CIK 10h \u2013 10h15 Solemnidad de Apertura Prof. Eduardo Storopoli \/ Profa. Maria Cristina Storopoli (Rectoria\/Pr\u00f3-Rectoria de la Universidad Nove de Julho) Prof. Dr. Nader Asgary (Profesor da Bentley University \u2013 EUA, Director del [&hellip;]<\/p>\n","protected":false},"author":1,"featured_media":0,"parent":0,"menu_order":0,"comment_status":"closed","ping_status":"open","template":"","meta":{"footnotes":""},"class_list":["post-5719","page","type-page","status-publish","hentry"],"_links":{"self":[{"href":"https:\/\/singep.org.br\/10\/wp-json\/wp\/v2\/pages\/5719","targetHints":{"allow":["GET"]}}],"collection":[{"href":"https:\/\/singep.org.br\/10\/wp-json\/wp\/v2\/pages"}],"about":[{"href":"https:\/\/singep.org.br\/10\/wp-json\/wp\/v2\/types\/page"}],"author":[{"embeddable":true,"href":"https:\/\/singep.org.br\/10\/wp-json\/wp\/v2\/users\/1"}],"replies":[{"embeddable":true,"href":"https:\/\/singep.org.br\/10\/wp-json\/wp\/v2\/comments?post=5719"}],"version-history":[{"count":13,"href":"https:\/\/singep.org.br\/10\/wp-json\/wp\/v2\/pages\/5719\/revisions"}],"predecessor-version":[{"id":7985,"href":"https:\/\/singep.org.br\/10\/wp-json\/wp\/v2\/pages\/5719\/revisions\/7985"}],"wp:attachment":[{"href":"https:\/\/singep.org.br\/10\/wp-json\/wp\/v2\/media?parent=5719"}],"curies":[{"name":"wp","href":"https:\/\/api.w.org\/{rel}","templated":true}]}}